{"id":3495,"date":"2021-10-22T15:46:32","date_gmt":"2021-10-22T13:46:32","guid":{"rendered":"https:\/\/isga.ma\/isga\/?page_id=3495"},"modified":"2025-12-11T15:41:34","modified_gmt":"2025-12-11T14:41:34","slug":"stages-et-forum-entreprises","status":"publish","type":"page","link":"https:\/\/isga.ma\/isga\/stages-et-forum-entreprises\/","title":{"rendered":"Stages et forum entreprises"},"content":{"rendered":"<p>[et_pb_section fb_built=\u00a0\u00bb1&Prime; fullwidth=\u00a0\u00bbon\u00a0\u00bb module_class=\u00a0\u00bbde-inner-page-header\u00a0\u00bb _builder_version=\u00a0\u00bb4.9.7&Prime; background_color=\u00a0\u00bbrgba(6,22,47,0.6)\u00a0\u00bb background_enable_color=\u00a0\u00bboff\u00a0\u00bb background_image=\u00a0\u00bbhttps:\/\/isga.ma\/isga\/wp-content\/uploads\/2021\/09\/Poster-3-home-isga.jpg\u00a0\u00bb parallax=\u00a0\u00bbon\u00a0\u00bb][et_pb_fullwidth_post_title meta=\u00a0\u00bboff\u00a0\u00bb featured_image=\u00a0\u00bboff\u00a0\u00bb text_color=\u00a0\u00bblight\u00a0\u00bb admin_label=\u00a0\u00bbPage Title\u00a0\u00bb _builder_version=\u00a0\u00bb4.9.7&Prime; title_font=\u00a0\u00bb|300|||||||\u00a0\u00bb title_font_size=\u00a0\u00bb60px\u00a0\u00bb background_color=\u00a0\u00bbRGBA(0,0,0,0)\u00a0\u00bb parallax=\u00a0\u00bbon\u00a0\u00bb parallax_method=\u00a0\u00bboff\u00a0\u00bb title_font_size_tablet=\u00a0\u00bb50px\u00a0\u00bb title_font_size_phone=\u00a0\u00bb40px\u00a0\u00bb title_font_size_last_edited=\u00a0\u00bbon|phone\u00a0\u00bb title_line_height_tablet=\u00a0\u00bb2&Prime; meta_font_size_tablet=\u00a0\u00bb51&Prime; meta_line_height_tablet=\u00a0\u00bb2&Prime; border_style=\u00a0\u00bbsolid\u00a0\u00bb parallax_effect=\u00a0\u00bbon\u00a0\u00bb][\/et_pb_fullwidth_post_title][\/et_pb_section][et_pb_section fb_built=\u00a0\u00bb1&Prime; module_class=\u00a0\u00bbstudent-services-section\u00a0\u00bb _builder_version=\u00a0\u00bb4.3.4&Prime; transparent_background=\u00a0\u00bboff\u00a0\u00bb make_fullwidth=\u00a0\u00bboff\u00a0\u00bb use_custom_width=\u00a0\u00bboff\u00a0\u00bb width_unit=\u00a0\u00bbon\u00a0\u00bb][et_pb_row column_structure=\u00a0\u00bb3_5,2_5&Prime; _builder_version=\u00a0\u00bb4.9.7&Prime; _module_preset=\u00a0\u00bbdefault\u00a0\u00bb][et_pb_column type=\u00a0\u00bb3_5&Prime; _builder_version=\u00a0\u00bb4.9.7&Prime; _module_preset=\u00a0\u00bbdefault\u00a0\u00bb][et_pb_blurb title=\u00a0\u00bbLes stages sont une partie essentielle de la scolarit\u00e9 des \u00e9tudiants de l&rsquo;ISGA. Tout au long de leurs \u00e9tudes, ils sont en contact avec le monde professionnel\u00a0\u00bb icon_placement=\u00a0\u00bbleft\u00a0\u00bb admin_label=\u00a0\u00bbBloc 1 \u00a0\u00bb _builder_version=\u00a0\u00bb4.9.7&Prime; header_font=\u00a0\u00bbRaleway|500|||||||\u00a0\u00bb header_text_color=\u00a0\u00bb#317ac1&Prime; header_font_size=\u00a0\u00bb21px\u00a0\u00bb body_font=\u00a0\u00bbSource Sans Pro||||||||\u00a0\u00bb body_text_color=\u00a0\u00bb#555556&Prime; body_font_size=\u00a0\u00bb17px\u00a0\u00bb background_size=\u00a0\u00bbinitial\u00a0\u00bb background_position=\u00a0\u00bbtop_left\u00a0\u00bb background_repeat=\u00a0\u00bbrepeat\u00a0\u00bb custom_css_blurb_content=\u00a0\u00bb max-width: 100%;\u00a0\u00bb use_border_color=\u00a0\u00bboff\u00a0\u00bb border_color=\u00a0\u00bb#ffffff\u00a0\u00bb border_style=\u00a0\u00bbsolid\u00a0\u00bb locked=\u00a0\u00bboff\u00a0\u00bb]<\/p>\n<p>La direction du d\u00e9veloppement et des relations entreprises au sein de chaque campus,\u00a0accompagne les \u00e9tudiants dans leur recherche de stages, mais \u00e9galement dans leur recherche d\u2019emploi. Ainsi, une base de donn\u00e9es actualis\u00e9e des offres d\u2019emplois et de stages est mise \u00e0 la disposition de nos \u00e9tudiants afin de les aider \u00e0 affronter cette \u00e9tape importante de mani\u00e8re tr\u00e8s sereine.<\/p>\n<p>[\/et_pb_blurb][\/et_pb_column][et_pb_column type=\u00a0\u00bb2_5&Prime; _builder_version=\u00a0\u00bb4.9.7&Prime; _module_preset=\u00a0\u00bbdefault\u00a0\u00bb][et_pb_text _builder_version=\u00a0\u00bb4.9.7&Prime; _module_preset=\u00a0\u00bbdefault\u00a0\u00bb]<\/p>\n<h2 style=\"text-align: center; margin-bottom: 0px!important;\"><span data-olk-copy-source=\"MessageBody\">En partenariat avec<\/span><\/h2>\n<p><img loading=\"lazy\" decoding=\"async\" class=\"wp-image-11674 size-full aligncenter\" src=\"https:\/\/isga.ma\/isga\/wp-content\/uploads\/2025\/04\/logo.png\" alt=\"\" width=\"282\" height=\"55\" \/><\/p>\n<p>[\/et_pb_text][\/et_pb_column][\/et_pb_row][et_pb_row column_structure=\u00a0\u00bb1_2,1_2&Prime; _builder_version=\u00a0\u00bb4.9.7&Prime; _module_preset=\u00a0\u00bbdefault\u00a0\u00bb][et_pb_column type=\u00a0\u00bb1_2&Prime; _builder_version=\u00a0\u00bb4.9.7&Prime; _module_preset=\u00a0\u00bbdefault\u00a0\u00bb][et_pb_text _builder_version=\u00a0\u00bb4.9.7&Prime; _module_preset=\u00a0\u00bbdefault\u00a0\u00bb]<\/p>\n<p><strong><span style=\"color: #1b9476;\">Pour les \u00e9tudiants ing\u00e9nieurs<\/span><\/strong><\/p>\n<p>&nbsp;<\/p>\n<table style=\"border-collapse: collapse; width: 100%;\" border=\"1\">\n<tbody>\n<tr>\n<td style=\"width: 12.4815%;\"><strong>Bac +1\/+2<\/strong><\/td>\n<td style=\"width: 59.6067%;\">stage de d\u00e9couverte du monde professionnel (1 mois)<\/td>\n<\/tr>\n<tr>\n<td style=\"width: 12.4815%;\"><strong>Bac +3<\/strong><\/td>\n<td style=\"width: 59.6067%;\">stage d\u2019initiation technique (1 mois)<\/td>\n<\/tr>\n<tr>\n<td style=\"width: 12.4815%;\"><strong>Bac +4<\/strong><\/td>\n<td style=\"width: 59.6067%;\">stage de perfectionnement (2 mois)<\/td>\n<\/tr>\n<tr>\n<td style=\"width: 12.4815%;\"><strong>Bac +5\u00a0<\/strong><\/td>\n<td style=\"width: 59.6067%;\">stage de projet de fin d\u2019\u00e9tudes (3 mois)<\/td>\n<\/tr>\n<\/tbody>\n<\/table>\n<p>[\/et_pb_text][\/et_pb_column][et_pb_column type=\u00a0\u00bb1_2&Prime; _builder_version=\u00a0\u00bb4.9.7&Prime; _module_preset=\u00a0\u00bbdefault\u00a0\u00bb][et_pb_text _builder_version=\u00a0\u00bb4.9.7&Prime; _module_preset=\u00a0\u00bbdefault\u00a0\u00bb]<\/p>\n<p><strong><span style=\"color: #1b9476;\">Pour les \u00e9tudiants managers<\/span><\/strong><\/p>\n<p>&nbsp;<\/p>\n<table style=\"border-collapse: collapse; width: 100%;\" border=\"1\">\n<tbody>\n<tr>\n<td style=\"width: 19.9442%;\"><strong>Bac +1*\/+2<\/strong><\/td>\n<td style=\"width: 56.1952%;\">stage de d\u00e9couverte du monde professionnel (1 mois) &#8211; le stage de d\u00e9couverte est facultatif*<\/td>\n<\/tr>\n<tr>\n<td style=\"width: 19.9442%;\"><strong>Bac +3<\/strong><\/td>\n<td style=\"width: 56.1952%;\">stage d\u2019initiation technique (1 mois)<\/td>\n<\/tr>\n<tr>\n<td style=\"width: 19.9442%;\"><strong>Bac +4<\/strong><\/td>\n<td style=\"width: 56.1952%;\">stage de perfectionnement (2 mois)<\/td>\n<\/tr>\n<tr>\n<td style=\"width: 19.9442%;\"><strong>Bac +5\u00a0<\/strong><\/td>\n<td style=\"width: 56.1952%;\">stage de projet de fin d\u2019\u00e9tudes (3 mois)<\/td>\n<\/tr>\n<\/tbody>\n<\/table>\n<p>[\/et_pb_text][\/et_pb_column][\/et_pb_row][\/et_pb_section][et_pb_section fb_built=\u00a0\u00bb1&Prime; _builder_version=\u00a0\u00bb4.9.7&Prime; _module_preset=\u00a0\u00bbdefault\u00a0\u00bb background_color=\u00a0\u00bb#d81f35&Prime; locked=\u00a0\u00bboff\u00a0\u00bb collapsed=\u00a0\u00bboff\u00a0\u00bb][et_pb_row admin_label=\u00a0\u00bbrow\u00a0\u00bb _builder_version=\u00a0\u00bb4.9.7&Prime; background_size=\u00a0\u00bbinitial\u00a0\u00bb background_position=\u00a0\u00bbtop_left\u00a0\u00bb background_repeat=\u00a0\u00bbrepeat\u00a0\u00bb make_fullwidth=\u00a0\u00bboff\u00a0\u00bb use_custom_width=\u00a0\u00bboff\u00a0\u00bb width_unit=\u00a0\u00bbon\u00a0\u00bb][et_pb_column type=\u00a0\u00bb4_4&Prime; _builder_version=\u00a0\u00bb4.9.7&Prime; custom_padding=\u00a0\u00bb|||\u00a0\u00bb custom_padding__hover=\u00a0\u00bb|||\u00a0\u00bb][et_pb_cta title=\u00a0\u00bbIls ont voulu prendre le temps de t\u00e9moigner. Ils ont souhait\u00e9 raconter leurs exp\u00e9riences. D\u00e9couvrez pourquoi ils ont choisi l&rsquo;ISGA ! \u00a0\u00bb button_url=\u00a0\u00bbhttps:\/\/isga.ma\/isga\/temoignages-stagiaires-isga\/\u00a0\u00bb button_text=\u00a0\u00bbD\u00e9couvrez les t\u00e9moignages des stagiaires ISGA\u00a0\u00bb admin_label=\u00a0\u00bbAppel 2&Prime; _builder_version=\u00a0\u00bb4.9.7&Prime; _module_preset=\u00a0\u00bbdefault\u00a0\u00bb background_color=\u00a0\u00bb#d81f35&Prime;][\/et_pb_cta][\/et_pb_column][\/et_pb_row][\/et_pb_section][et_pb_section fb_built=\u00a0\u00bb1&Prime; module_class=\u00a0\u00bbstudent-services-section\u00a0\u00bb _builder_version=\u00a0\u00bb4.3.4&Prime; transparent_background=\u00a0\u00bboff\u00a0\u00bb make_fullwidth=\u00a0\u00bboff\u00a0\u00bb use_custom_width=\u00a0\u00bboff\u00a0\u00bb width_unit=\u00a0\u00bbon\u00a0\u00bb locked=\u00a0\u00bboff\u00a0\u00bb][et_pb_row column_structure=\u00a0\u00bb3_5,2_5&Prime; _builder_version=\u00a0\u00bb4.9.7&Prime; _module_preset=\u00a0\u00bbdefault\u00a0\u00bb][et_pb_column type=\u00a0\u00bb3_5&Prime; _builder_version=\u00a0\u00bb4.9.7&Prime; _module_preset=\u00a0\u00bbdefault\u00a0\u00bb][et_pb_blurb title=\u00a0\u00bbINCUBATEUR EDVANTIS : le programme d&rsquo;accompagnement de start-up technologiques en amor\u00e7age\u00a0\u00bb icon_placement=\u00a0\u00bbleft\u00a0\u00bb admin_label=\u00a0\u00bbBloc 1 \u00a0\u00bb _builder_version=\u00a0\u00bb4.9.7&Prime; header_font=\u00a0\u00bbRaleway|500|||||||\u00a0\u00bb header_text_color=\u00a0\u00bb#317ac1&Prime; header_font_size=\u00a0\u00bb21px\u00a0\u00bb body_font=\u00a0\u00bbSource Sans Pro||||||||\u00a0\u00bb body_text_color=\u00a0\u00bb#555556&Prime; body_font_size=\u00a0\u00bb17px\u00a0\u00bb background_size=\u00a0\u00bbinitial\u00a0\u00bb background_position=\u00a0\u00bbtop_left\u00a0\u00bb background_repeat=\u00a0\u00bbrepeat\u00a0\u00bb custom_css_blurb_content=\u00a0\u00bb max-width: 100%;\u00a0\u00bb use_border_color=\u00a0\u00bboff\u00a0\u00bb border_color=\u00a0\u00bb#ffffff\u00a0\u00bb border_style=\u00a0\u00bbsolid\u00a0\u00bb locked=\u00a0\u00bboff\u00a0\u00bb]<\/p>\n<p><strong>Vous avez un projet de cr\u00e9ation d\u2019entreprise et vous vous interrogez sur sa faisabilit\u00e9 et votre capacit\u00e9 \u00e0 le conduire \u00e0 sa r\u00e9alisation ?<\/strong><br \/>L\u2019incubation d\u2019Edvantis est d\u00e9di\u00e9 aux startups \u00e0 fortes composantes technologiques en phase d\u2019amor\u00e7age, qui souhaitent \u00eatre accompagn\u00e9es dans la cr\u00e9ation d\u2019entreprises au Maroc. C\u2019est un programme d\u2019excellence et \u00e0 taille humaine, qui vous accompagne depuis l\u2019id\u00e9ation jusqu\u2019\u00e0 la concr\u00e9tisation et l\u2019op\u00e9rationnalisation du projet. Edvantis se donne l\u2019ambition d\u2019accueillir une vingtaine de start-ups par promotion \u00e0 Casablanca, Rabat, F\u00e8s et Marrakech.<\/p>\n<p>[\/et_pb_blurb][et_pb_button button_url=\u00a0\u00bbhttps:\/\/isga.ma\/isga\/wp-content\/uploads\/2025\/09\/2509_Incubateur_Edvantis.pdf\u00a0\u00bb button_text=\u00a0\u00bbT\u00e9l\u00e9chargez la brochure\u00a0\u00bb _builder_version=\u00a0\u00bb4.9.7&Prime; _module_preset=\u00a0\u00bbdefault\u00a0\u00bb hover_enabled=\u00a0\u00bb0&Prime; sticky_enabled=\u00a0\u00bb0&Prime;][\/et_pb_button][\/et_pb_column][et_pb_column type=\u00a0\u00bb2_5&Prime; _builder_version=\u00a0\u00bb4.9.7&Prime; _module_preset=\u00a0\u00bbdefault\u00a0\u00bb][et_pb_image src=\u00a0\u00bbhttps:\/\/isga.ma\/isga\/wp-content\/uploads\/2022\/11\/Incubateur-scaled.jpg\u00a0\u00bb title_text=\u00a0\u00bbIncubateur\u00a0\u00bb _builder_version=\u00a0\u00bb4.9.7&Prime; _module_preset=\u00a0\u00bbdefault\u00a0\u00bb][\/et_pb_image][\/et_pb_column][\/et_pb_row][\/et_pb_section][et_pb_section fb_built=\u00a0\u00bb1&Prime; _builder_version=\u00a0\u00bb4.9.7&Prime; _module_preset=\u00a0\u00bbdefault\u00a0\u00bb background_color=\u00a0\u00bb#1c9576&Prime; locked=\u00a0\u00bboff\u00a0\u00bb collapsed=\u00a0\u00bboff\u00a0\u00bb][et_pb_row _builder_version=\u00a0\u00bb4.3.4&Prime; background_size=\u00a0\u00bbinitial\u00a0\u00bb background_position=\u00a0\u00bbtop_left\u00a0\u00bb background_repeat=\u00a0\u00bbrepeat\u00a0\u00bb][et_pb_column type=\u00a0\u00bb4_4&Prime; _builder_version=\u00a0\u00bb3.25&Prime; custom_padding=\u00a0\u00bb|||\u00a0\u00bb custom_padding__hover=\u00a0\u00bb|||\u00a0\u00bb][et_pb_text admin_label=\u00a0\u00bbHybridation &#8211; section 2&Prime; module_class=\u00a0\u00bbde-special-heading\u00a0\u00bb _builder_version=\u00a0\u00bb4.9.7&Prime; text_text_color=\u00a0\u00bb#FFFFFF\u00a0\u00bb text_line_height=\u00a0\u00bb1.8em\u00a0\u00bb header_text_color=\u00a0\u00bb#FFFFFF\u00a0\u00bb header_2_font=\u00a0\u00bb|600||on|||||\u00a0\u00bb header_2_font_size=\u00a0\u00bb50px\u00a0\u00bb header_2_letter_spacing=\u00a0\u00bb2px\u00a0\u00bb header_3_font=\u00a0\u00bb|300||on|||||\u00a0\u00bb header_3_text_color=\u00a0\u00bb#000000&Prime; header_3_font_size=\u00a0\u00bb40px\u00a0\u00bb header_3_letter_spacing=\u00a0\u00bb1px\u00a0\u00bb background_size=\u00a0\u00bbinitial\u00a0\u00bb background_position=\u00a0\u00bbtop_left\u00a0\u00bb background_repeat=\u00a0\u00bbrepeat\u00a0\u00bb background_layout=\u00a0\u00bbdark\u00a0\u00bb header_2_font_size_tablet=\u00a0\u00bb40px\u00a0\u00bb header_2_font_size_phone=\u00a0\u00bb30px\u00a0\u00bb header_2_font_size_last_edited=\u00a0\u00bbon|desktop\u00a0\u00bb header_3_font_size_tablet=\u00a0\u00bb30px\u00a0\u00bb header_3_font_size_phone=\u00a0\u00bb20px\u00a0\u00bb header_3_font_size_last_edited=\u00a0\u00bbon|desktop\u00a0\u00bb border_style=\u00a0\u00bbsolid\u00a0\u00bb]<\/p>\n<h2 style=\"color: #d81f35 !important; font-size: 42px !important;\"><span style=\"color: #ffffff;\">La Journ\u00e9e de l\u2019employabilit\u00e9<\/span><\/h2>\n<p><span style=\"color: #ffffff;\">Organis\u00e9e chaque mois de f\u00e9vrier sur les diff\u00e9rents campus de l\u2019ISGA, cette journ\u00e9e s&rsquo;inscrit dans la volont\u00e9 de l&rsquo;\u00e9cole de favoriser l\u2019insertion professionnelle de ses futurs laur\u00e9ats en les accompagnant \u00e0 d\u00e9crocher leur stage de fin d&rsquo;\u00e9tudes ou leur premier emploi.<\/span><\/p>\n<ul>\n<li><span style=\"color: #ffffff;\">Ateliers de coaching<\/span><\/li>\n<li><span style=\"color: #ffffff;\">Pr\u00e9sentation des nouvelles tendances en mati\u00e8re de candidature<\/span><\/li>\n<li><span style=\"color: #ffffff;\">Partage des meilleurs pratiques permettant de construire et de soigner son personal branding<\/span><\/li>\n<li><span style=\"color: #ffffff;\">Pr\u00e9paration aux entretiens d\u2019embauche\u2026<\/span><\/li>\n<\/ul>\n<p>[\/et_pb_text][\/et_pb_column][\/et_pb_row][et_pb_row column_structure=\u00a0\u00bb1_2,1_2&Prime; _builder_version=\u00a0\u00bb4.9.7&Prime; _module_preset=\u00a0\u00bbdefault\u00a0\u00bb][et_pb_column type=\u00a0\u00bb1_2&Prime; _builder_version=\u00a0\u00bb4.9.7&Prime; _module_preset=\u00a0\u00bbdefault\u00a0\u00bb][et_pb_text admin_label=\u00a0\u00bbmanagement\u00a0\u00bb module_class=\u00a0\u00bbde-special-heading\u00a0\u00bb _builder_version=\u00a0\u00bb4.9.7&Prime; text_text_color=\u00a0\u00bb#FFFFFF\u00a0\u00bb text_line_height=\u00a0\u00bb1.8em\u00a0\u00bb header_text_color=\u00a0\u00bb#FFFFFF\u00a0\u00bb header_2_font=\u00a0\u00bb|600||on|||||\u00a0\u00bb header_2_font_size=\u00a0\u00bb50px\u00a0\u00bb header_2_letter_spacing=\u00a0\u00bb2px\u00a0\u00bb header_3_font=\u00a0\u00bb|300||on|||||\u00a0\u00bb header_3_text_color=\u00a0\u00bb#000000&Prime; header_3_font_size=\u00a0\u00bb40px\u00a0\u00bb header_3_letter_spacing=\u00a0\u00bb1px\u00a0\u00bb background_size=\u00a0\u00bbinitial\u00a0\u00bb background_position=\u00a0\u00bbtop_left\u00a0\u00bb background_repeat=\u00a0\u00bbrepeat\u00a0\u00bb background_layout=\u00a0\u00bbdark\u00a0\u00bb header_2_font_size_tablet=\u00a0\u00bb40px\u00a0\u00bb header_2_font_size_phone=\u00a0\u00bb30px\u00a0\u00bb header_2_font_size_last_edited=\u00a0\u00bbon|desktop\u00a0\u00bb header_3_font_size_tablet=\u00a0\u00bb30px\u00a0\u00bb header_3_font_size_phone=\u00a0\u00bb20px\u00a0\u00bb header_3_font_size_last_edited=\u00a0\u00bbon|desktop\u00a0\u00bb border_style=\u00a0\u00bbsolid\u00a0\u00bb]<\/p>\n<h3 style=\"color: #d81f35 !important; font-size: 35px !important;\"><strong><span style=\"color: #ffffff;\">M. Anwar Semlali, Professeur Permanent \u00e0 l\u2019ISGA Marrakech <\/span><\/strong><\/h3>\n<p>[\/et_pb_text][et_pb_text admin_label=\u00a0\u00bbText\u00a0\u00bb _builder_version=\u00a0\u00bb4.9.7&Prime; _module_preset=\u00a0\u00bbdefault\u00a0\u00bb text_font=\u00a0\u00bbSource Sans Pro||||||||\u00a0\u00bb text_text_color=\u00a0\u00bb#565658&Prime; custom_margin=\u00a0\u00bb|10%|||false|false\u00a0\u00bb]<\/p>\n<p><span style=\"color: #ffffff;\">\u00ab La journ\u00e9e de l&#8217;employabilit\u00e9 est un carrefour de rencontre entre les experts et les professionnels du monde du travail d&rsquo;une part, et nos futurs laur\u00e9ats accompagn\u00e9s par le corps professoral d\u2019autre part. L&rsquo;objectif est d&rsquo;apporter plus d&rsquo;\u00e9claircissements sur les attentes du march\u00e9 du travail mais aussi orienter et assurer un suivi minutieux et pointu pour nos \u00e9tudiants en fin de parcours \u00bb<\/span><\/p>\n<p>[\/et_pb_text][\/et_pb_column][et_pb_column type=\u00a0\u00bb1_2&Prime; _builder_version=\u00a0\u00bb4.9.7&Prime; _module_preset=\u00a0\u00bbdefault\u00a0\u00bb][et_pb_text admin_label=\u00a0\u00bbmanagement\u00a0\u00bb module_class=\u00a0\u00bbde-special-heading\u00a0\u00bb _builder_version=\u00a0\u00bb4.9.7&Prime; text_text_color=\u00a0\u00bb#FFFFFF\u00a0\u00bb text_line_height=\u00a0\u00bb1.8em\u00a0\u00bb header_text_color=\u00a0\u00bb#FFFFFF\u00a0\u00bb header_2_font=\u00a0\u00bb|600||on|||||\u00a0\u00bb header_2_font_size=\u00a0\u00bb50px\u00a0\u00bb header_2_letter_spacing=\u00a0\u00bb2px\u00a0\u00bb header_3_font=\u00a0\u00bb|300||on|||||\u00a0\u00bb header_3_text_color=\u00a0\u00bb#000000&Prime; header_3_font_size=\u00a0\u00bb40px\u00a0\u00bb header_3_letter_spacing=\u00a0\u00bb1px\u00a0\u00bb background_size=\u00a0\u00bbinitial\u00a0\u00bb background_position=\u00a0\u00bbtop_left\u00a0\u00bb background_repeat=\u00a0\u00bbrepeat\u00a0\u00bb background_layout=\u00a0\u00bbdark\u00a0\u00bb header_2_font_size_tablet=\u00a0\u00bb40px\u00a0\u00bb header_2_font_size_phone=\u00a0\u00bb30px\u00a0\u00bb header_2_font_size_last_edited=\u00a0\u00bbon|desktop\u00a0\u00bb header_3_font_size_tablet=\u00a0\u00bb30px\u00a0\u00bb header_3_font_size_phone=\u00a0\u00bb20px\u00a0\u00bb header_3_font_size_last_edited=\u00a0\u00bbon|desktop\u00a0\u00bb border_style=\u00a0\u00bbsolid\u00a0\u00bb]<\/p>\n<h3 style=\"color: #d81f35 !important; font-size: 35px !important;\"><strong><span style=\"color: #ffffff;\">Ibrahim Arfaoui Zegzouti \u2013 Etudiant \u00e0 l\u2019ISGA FES<\/span><\/strong><\/h3>\n<p>[\/et_pb_text][et_pb_text admin_label=\u00a0\u00bbText\u00a0\u00bb _builder_version=\u00a0\u00bb4.9.7&Prime; _module_preset=\u00a0\u00bbdefault\u00a0\u00bb text_font=\u00a0\u00bbSource Sans Pro||||||||\u00a0\u00bb text_text_color=\u00a0\u00bb#565658&Prime; custom_margin=\u00a0\u00bb|10%|||false|false\u00a0\u00bb]<\/p>\n<p><span style=\"color: #ffffff;\">\u00ab Avec l\u2019aide si pr\u00e9cieuse de mon \u00e9cole, j\u2019ai d\u00e9croch\u00e9 mon ticket d\u2019entr\u00e9e au monde de l\u2019entreprise, en d\u00e9crochant mon stage de fin d\u2019\u00e9tudes avec la soci\u00e9t\u00e9 GINATLINK gr\u00e2ce \u00e0 la journ\u00e9e de l\u2019employabilit\u00e9 \u00bb<\/span><\/p>\n<p>[\/et_pb_text][\/et_pb_column][\/et_pb_row][et_pb_row _builder_version=\u00a0\u00bb4.3.4&Prime; background_size=\u00a0\u00bbinitial\u00a0\u00bb background_position=\u00a0\u00bbtop_left\u00a0\u00bb background_repeat=\u00a0\u00bbrepeat\u00a0\u00bb][et_pb_column type=\u00a0\u00bb4_4&Prime; _builder_version=\u00a0\u00bb3.25&Prime; custom_padding=\u00a0\u00bb|||\u00a0\u00bb custom_padding__hover=\u00a0\u00bb|||\u00a0\u00bb][et_pb_text admin_label=\u00a0\u00bbHybridation &#8211; section 2&Prime; module_class=\u00a0\u00bbde-special-heading\u00a0\u00bb _builder_version=\u00a0\u00bb4.9.7&Prime; text_text_color=\u00a0\u00bb#FFFFFF\u00a0\u00bb text_line_height=\u00a0\u00bb1.8em\u00a0\u00bb header_text_color=\u00a0\u00bb#FFFFFF\u00a0\u00bb header_2_font=\u00a0\u00bb|600||on|||||\u00a0\u00bb header_2_font_size=\u00a0\u00bb50px\u00a0\u00bb header_2_letter_spacing=\u00a0\u00bb2px\u00a0\u00bb header_3_font=\u00a0\u00bb|300||on|||||\u00a0\u00bb header_3_text_color=\u00a0\u00bb#000000&Prime; header_3_font_size=\u00a0\u00bb40px\u00a0\u00bb header_3_letter_spacing=\u00a0\u00bb1px\u00a0\u00bb background_size=\u00a0\u00bbinitial\u00a0\u00bb background_position=\u00a0\u00bbtop_left\u00a0\u00bb background_repeat=\u00a0\u00bbrepeat\u00a0\u00bb background_layout=\u00a0\u00bbdark\u00a0\u00bb header_2_font_size_tablet=\u00a0\u00bb40px\u00a0\u00bb header_2_font_size_phone=\u00a0\u00bb30px\u00a0\u00bb header_2_font_size_last_edited=\u00a0\u00bbon|desktop\u00a0\u00bb header_3_font_size_tablet=\u00a0\u00bb30px\u00a0\u00bb header_3_font_size_phone=\u00a0\u00bb20px\u00a0\u00bb header_3_font_size_last_edited=\u00a0\u00bbon|desktop\u00a0\u00bb border_style=\u00a0\u00bbsolid\u00a0\u00bb]<\/p>\n<p><span style=\"color: #ffffff;\">Au cours de cette journ\u00e9e plusieurs grandes entreprises (Deloitte, Atos, IBM, Wafa Immobilier, Majorel, Richmedia, E-Sport Academy et Giantlink\u2026) viennent \u00e0 la rencontre de nos \u00e9tudiants :<\/span><\/p>\n<ul>\n<li><span style=\"color: #ffffff;\">Pr\u00e9sentation de leurs diff\u00e9rents m\u00e9tiers<\/span><\/li>\n<li><span style=\"color: #ffffff;\">Simulations d\u2019entretiens d\u2019embauche<\/span><\/li>\n<li><span style=\"color: #ffffff;\">Conseils personnalis\u00e9s<\/span><\/li>\n<li><span style=\"color: #ffffff;\">Recrutement de stagiaires<\/span><\/li>\n<\/ul>\n<p>[\/et_pb_text][\/et_pb_column][\/et_pb_row][et_pb_row column_structure=\u00a0\u00bb1_2,1_2&Prime; _builder_version=\u00a0\u00bb4.9.7&Prime; _module_preset=\u00a0\u00bbdefault\u00a0\u00bb][et_pb_column type=\u00a0\u00bb1_2&Prime; _builder_version=\u00a0\u00bb4.9.7&Prime; _module_preset=\u00a0\u00bbdefault\u00a0\u00bb][et_pb_text admin_label=\u00a0\u00bbmanagement\u00a0\u00bb module_class=\u00a0\u00bbde-special-heading\u00a0\u00bb _builder_version=\u00a0\u00bb4.9.7&Prime; text_text_color=\u00a0\u00bb#FFFFFF\u00a0\u00bb text_line_height=\u00a0\u00bb1.8em\u00a0\u00bb header_text_color=\u00a0\u00bb#FFFFFF\u00a0\u00bb header_2_font=\u00a0\u00bb|600||on|||||\u00a0\u00bb header_2_font_size=\u00a0\u00bb50px\u00a0\u00bb header_2_letter_spacing=\u00a0\u00bb2px\u00a0\u00bb header_3_font=\u00a0\u00bb|300||on|||||\u00a0\u00bb header_3_text_color=\u00a0\u00bb#000000&Prime; header_3_font_size=\u00a0\u00bb40px\u00a0\u00bb header_3_letter_spacing=\u00a0\u00bb1px\u00a0\u00bb background_size=\u00a0\u00bbinitial\u00a0\u00bb background_position=\u00a0\u00bbtop_left\u00a0\u00bb background_repeat=\u00a0\u00bbrepeat\u00a0\u00bb background_layout=\u00a0\u00bbdark\u00a0\u00bb header_2_font_size_tablet=\u00a0\u00bb40px\u00a0\u00bb header_2_font_size_phone=\u00a0\u00bb30px\u00a0\u00bb header_2_font_size_last_edited=\u00a0\u00bbon|desktop\u00a0\u00bb header_3_font_size_tablet=\u00a0\u00bb30px\u00a0\u00bb header_3_font_size_phone=\u00a0\u00bb20px\u00a0\u00bb header_3_font_size_last_edited=\u00a0\u00bbon|desktop\u00a0\u00bb border_style=\u00a0\u00bbsolid\u00a0\u00bb]<\/p>\n<h3 style=\"color: #d81f35 !important; font-size: 35px !important;\"><strong><span style=\"color: #ffffff;\">Ahmed Chebhi &#8211; Aquisition Specialist chez Deloitte <\/span><\/strong><\/h3>\n<p>[\/et_pb_text][et_pb_text admin_label=\u00a0\u00bbText\u00a0\u00bb _builder_version=\u00a0\u00bb4.9.7&Prime; _module_preset=\u00a0\u00bbdefault\u00a0\u00bb text_font=\u00a0\u00bbSource Sans Pro||||||||\u00a0\u00bb text_text_color=\u00a0\u00bb#565658&Prime; custom_margin=\u00a0\u00bb|10%|||false|false\u00a0\u00bb]<\/p>\n<p><span style=\"color: #ffffff;\">\u00ab Nous avons eu le plaisir d\u2019intervenir \u00e0 l\u2019ISGA dans le cadre de la journ\u00e9e de l\u2019employabilit\u00e9 durant laquelle on a \u00e9chang\u00e9 avec les \u00e9tudiants autour des m\u00e9tiers de Deloitte Maroc, de nos diff\u00e9rentes activit\u00e9s et des perspectives de carri\u00e8re. Nous sommes particuli\u00e8rement ravis d\u2019avoir eu l\u2019occasion de rencontrer des \u00e9tudiants s\u00e9rieux et motiv\u00e9s. \u00bb<\/span><\/p>\n<p>[\/et_pb_text][\/et_pb_column][et_pb_column type=\u00a0\u00bb1_2&Prime; _builder_version=\u00a0\u00bb4.9.7&Prime; _module_preset=\u00a0\u00bbdefault\u00a0\u00bb][et_pb_text admin_label=\u00a0\u00bbmanagement\u00a0\u00bb module_class=\u00a0\u00bbde-special-heading\u00a0\u00bb _builder_version=\u00a0\u00bb4.9.7&Prime; text_text_color=\u00a0\u00bb#FFFFFF\u00a0\u00bb text_line_height=\u00a0\u00bb1.8em\u00a0\u00bb header_text_color=\u00a0\u00bb#FFFFFF\u00a0\u00bb header_2_font=\u00a0\u00bb|600||on|||||\u00a0\u00bb header_2_font_size=\u00a0\u00bb50px\u00a0\u00bb header_2_letter_spacing=\u00a0\u00bb2px\u00a0\u00bb header_3_font=\u00a0\u00bb|300||on|||||\u00a0\u00bb header_3_text_color=\u00a0\u00bb#000000&Prime; header_3_font_size=\u00a0\u00bb40px\u00a0\u00bb header_3_letter_spacing=\u00a0\u00bb1px\u00a0\u00bb background_size=\u00a0\u00bbinitial\u00a0\u00bb background_position=\u00a0\u00bbtop_left\u00a0\u00bb background_repeat=\u00a0\u00bbrepeat\u00a0\u00bb background_layout=\u00a0\u00bbdark\u00a0\u00bb header_2_font_size_tablet=\u00a0\u00bb40px\u00a0\u00bb header_2_font_size_phone=\u00a0\u00bb30px\u00a0\u00bb header_2_font_size_last_edited=\u00a0\u00bbon|desktop\u00a0\u00bb header_3_font_size_tablet=\u00a0\u00bb30px\u00a0\u00bb header_3_font_size_phone=\u00a0\u00bb20px\u00a0\u00bb header_3_font_size_last_edited=\u00a0\u00bbon|desktop\u00a0\u00bb border_style=\u00a0\u00bbsolid\u00a0\u00bb]<\/p>\n<h3 style=\"color: #d81f35 !important; font-size: 35px !important;\"><strong><span style=\"color: #ffffff;\">Oumou Alkaidi Toure &#8211; Etudiante \u00e0 l\u2019ISGA Rabat<\/span><\/strong><\/h3>\n<p>[\/et_pb_text][et_pb_text admin_label=\u00a0\u00bbText\u00a0\u00bb _builder_version=\u00a0\u00bb4.9.7&Prime; _module_preset=\u00a0\u00bbdefault\u00a0\u00bb text_font=\u00a0\u00bbSource Sans Pro||||||||\u00a0\u00bb text_text_color=\u00a0\u00bb#565658&Prime; custom_margin=\u00a0\u00bb|10%|||false|false\u00a0\u00bb]<\/p>\n<p><span style=\"color: #ffffff;\">\u00ab La journ\u00e9e de l\u2019employabilit\u00e9 \u00e9tait tr\u00e8s int\u00e9ressante et tr\u00e8s enrichissante, nous avons pu \u00e9changer avec plusieurs professionnels [&#8230;] Merci \u00e0 l\u2019ISGA pour cette belle initiative au profit des \u00e9tudiants de la cinqui\u00e8me ann\u00e9e. On sent que l\u2019\u00e9cole s\u2019investit r\u00e9ellement dans notre insertion professionnelle \u00bb<\/span><\/p>\n<p>[\/et_pb_text][\/et_pb_column][\/et_pb_row][\/et_pb_section][et_pb_section fb_built=\u00a0\u00bb1&Prime; _builder_version=\u00a0\u00bb3.22&Prime; locked=\u00a0\u00bboff\u00a0\u00bb collapsed=\u00a0\u00bboff\u00a0\u00bb][et_pb_row _builder_version=\u00a0\u00bb3.25&Prime; background_size=\u00a0\u00bbinitial\u00a0\u00bb background_position=\u00a0\u00bbtop_left\u00a0\u00bb background_repeat=\u00a0\u00bbrepeat\u00a0\u00bb][et_pb_column type=\u00a0\u00bb4_4&Prime; _builder_version=\u00a0\u00bb3.25&Prime; custom_padding=\u00a0\u00bb|||\u00a0\u00bb custom_padding__hover=\u00a0\u00bb|||\u00a0\u00bb][et_pb_text admin_label=\u00a0\u00bbGallery Title\u00a0\u00bb _builder_version=\u00a0\u00bb4.9.7&Prime; header_2_font_size=\u00a0\u00bb40px\u00a0\u00bb background_size=\u00a0\u00bbinitial\u00a0\u00bb background_position=\u00a0\u00bbtop_left\u00a0\u00bb background_repeat=\u00a0\u00bbrepeat\u00a0\u00bb text_orientation=\u00a0\u00bbcenter\u00a0\u00bb module_alignment=\u00a0\u00bbcenter\u00a0\u00bb header_2_font_size_tablet=\u00a0\u00bb30px\u00a0\u00bb header_2_font_size_phone=\u00a0\u00bb20px\u00a0\u00bb header_2_font_size_last_edited=\u00a0\u00bbon|phone\u00a0\u00bb header_2_2_font_size_tablet=\u00a0\u00bb30px\u00a0\u00bb header_3_2_font_size_tablet=\u00a0\u00bb30px\u00a0\u00bb header_4_2_font_size_tablet=\u00a0\u00bb30px\u00a0\u00bb header_5_2_font_size_tablet=\u00a0\u00bb30px\u00a0\u00bb header_6_2_font_size_tablet=\u00a0\u00bb30px\u00a0\u00bb header_2_2_font_size_phone=\u00a0\u00bb20px\u00a0\u00bb header_3_2_font_size_phone=\u00a0\u00bb20px\u00a0\u00bb header_4_2_font_size_phone=\u00a0\u00bb20px\u00a0\u00bb header_5_2_font_size_phone=\u00a0\u00bb20px\u00a0\u00bb header_6_2_font_size_phone=\u00a0\u00bb20px\u00a0\u00bb header_2_2_font_size_last_edited=\u00a0\u00bbon|phone\u00a0\u00bb header_3_2_font_size_last_edited=\u00a0\u00bbon|phone\u00a0\u00bb header_4_2_font_size_last_edited=\u00a0\u00bbon|phone\u00a0\u00bb header_5_2_font_size_last_edited=\u00a0\u00bbon|phone\u00a0\u00bb header_6_2_font_size_last_edited=\u00a0\u00bbon|phone\u00a0\u00bb]<\/p>\n<h3 style=\"font-weight: 600;\">Journ\u00e9e de l&#8217;employabilit\u00e9 &#8211; Campus Rabat<\/h3>\n<p>[\/et_pb_text][\/et_pb_column][\/et_pb_row][et_pb_row _builder_version=\u00a0\u00bb3.25&Prime; background_size=\u00a0\u00bbinitial\u00a0\u00bb background_position=\u00a0\u00bbtop_left\u00a0\u00bb background_repeat=\u00a0\u00bbrepeat\u00a0\u00bb][et_pb_column type=\u00a0\u00bb4_4&Prime; _builder_version=\u00a0\u00bb3.25&Prime; custom_padding=\u00a0\u00bb|||\u00a0\u00bb custom_padding__hover=\u00a0\u00bb|||\u00a0\u00bb][et_pb_gallery gallery_ids=\u00a0\u00bb8964,8965,8966,8967,8969,8970,8971,8972,8973,8977,8978,8979,8980,8968,8981&Prime; gallery_orderby=\u00a0\u00bbrand\u00a0\u00bb posts_number=\u00a0\u00bb20&Prime; show_title_and_caption=\u00a0\u00bboff\u00a0\u00bb zoom_icon_color=\u00a0\u00bb#06162f\u00a0\u00bb _builder_version=\u00a0\u00bb4.9.7&Prime; background_size=\u00a0\u00bbinitial\u00a0\u00bb background_position=\u00a0\u00bbtop_left\u00a0\u00bb background_repeat=\u00a0\u00bbrepeat\u00a0\u00bb pagination_font_size_tablet=\u00a0\u00bb51&Prime; pagination_line_height_tablet=\u00a0\u00bb2&Prime; use_border_color=\u00a0\u00bboff\u00a0\u00bb][\/et_pb_gallery][\/et_pb_column][\/et_pb_row][\/et_pb_section][et_pb_section fb_built=\u00a0\u00bb1&Prime; _builder_version=\u00a0\u00bb3.22&Prime; locked=\u00a0\u00bboff\u00a0\u00bb collapsed=\u00a0\u00bboff\u00a0\u00bb][et_pb_row _builder_version=\u00a0\u00bb3.25&Prime; background_size=\u00a0\u00bbinitial\u00a0\u00bb background_position=\u00a0\u00bbtop_left\u00a0\u00bb background_repeat=\u00a0\u00bbrepeat\u00a0\u00bb][et_pb_column type=\u00a0\u00bb4_4&Prime; _builder_version=\u00a0\u00bb3.25&Prime; custom_padding=\u00a0\u00bb|||\u00a0\u00bb custom_padding__hover=\u00a0\u00bb|||\u00a0\u00bb][et_pb_text admin_label=\u00a0\u00bbGallery Title\u00a0\u00bb _builder_version=\u00a0\u00bb4.9.7&Prime; header_2_font_size=\u00a0\u00bb40px\u00a0\u00bb background_size=\u00a0\u00bbinitial\u00a0\u00bb background_position=\u00a0\u00bbtop_left\u00a0\u00bb background_repeat=\u00a0\u00bbrepeat\u00a0\u00bb text_orientation=\u00a0\u00bbcenter\u00a0\u00bb module_alignment=\u00a0\u00bbcenter\u00a0\u00bb header_2_font_size_tablet=\u00a0\u00bb30px\u00a0\u00bb header_2_font_size_phone=\u00a0\u00bb20px\u00a0\u00bb header_2_font_size_last_edited=\u00a0\u00bbon|phone\u00a0\u00bb header_2_2_font_size_tablet=\u00a0\u00bb30px\u00a0\u00bb header_3_2_font_size_tablet=\u00a0\u00bb30px\u00a0\u00bb header_4_2_font_size_tablet=\u00a0\u00bb30px\u00a0\u00bb header_5_2_font_size_tablet=\u00a0\u00bb30px\u00a0\u00bb header_6_2_font_size_tablet=\u00a0\u00bb30px\u00a0\u00bb header_2_2_font_size_phone=\u00a0\u00bb20px\u00a0\u00bb header_3_2_font_size_phone=\u00a0\u00bb20px\u00a0\u00bb header_4_2_font_size_phone=\u00a0\u00bb20px\u00a0\u00bb header_5_2_font_size_phone=\u00a0\u00bb20px\u00a0\u00bb header_6_2_font_size_phone=\u00a0\u00bb20px\u00a0\u00bb header_2_2_font_size_last_edited=\u00a0\u00bbon|phone\u00a0\u00bb header_3_2_font_size_last_edited=\u00a0\u00bbon|phone\u00a0\u00bb header_4_2_font_size_last_edited=\u00a0\u00bbon|phone\u00a0\u00bb header_5_2_font_size_last_edited=\u00a0\u00bbon|phone\u00a0\u00bb header_6_2_font_size_last_edited=\u00a0\u00bbon|phone\u00a0\u00bb]<\/p>\n<h3 style=\"font-weight: 600;\">Journ\u00e9e de l&#8217;employabilit\u00e9 &#8211; Campus Marrakech<\/h3>\n<p>[\/et_pb_text][\/et_pb_column][\/et_pb_row][et_pb_row _builder_version=\u00a0\u00bb3.25&Prime; background_size=\u00a0\u00bbinitial\u00a0\u00bb background_position=\u00a0\u00bbtop_left\u00a0\u00bb background_repeat=\u00a0\u00bbrepeat\u00a0\u00bb][et_pb_column type=\u00a0\u00bb4_4&Prime; _builder_version=\u00a0\u00bb3.25&Prime; custom_padding=\u00a0\u00bb|||\u00a0\u00bb custom_padding__hover=\u00a0\u00bb|||\u00a0\u00bb][et_pb_gallery gallery_ids=\u00a0\u00bb8984,8985,8986,8987,8988,8989,8990,8991,8992,8993,8994,8995&Prime; gallery_orderby=\u00a0\u00bbrand\u00a0\u00bb posts_number=\u00a0\u00bb20&Prime; show_title_and_caption=\u00a0\u00bboff\u00a0\u00bb zoom_icon_color=\u00a0\u00bb#06162f\u00a0\u00bb _builder_version=\u00a0\u00bb4.9.7&Prime; background_size=\u00a0\u00bbinitial\u00a0\u00bb background_position=\u00a0\u00bbtop_left\u00a0\u00bb background_repeat=\u00a0\u00bbrepeat\u00a0\u00bb pagination_font_size_tablet=\u00a0\u00bb51&Prime; pagination_line_height_tablet=\u00a0\u00bb2&Prime; use_border_color=\u00a0\u00bboff\u00a0\u00bb][\/et_pb_gallery][\/et_pb_column][\/et_pb_row][\/et_pb_section][et_pb_section fb_built=\u00a0\u00bb1&Prime; _builder_version=\u00a0\u00bb4.9.7&Prime; _module_preset=\u00a0\u00bbdefault\u00a0\u00bb background_color=\u00a0\u00bb#f5f5f5&Prime; collapsed=\u00a0\u00bboff\u00a0\u00bb][et_pb_row _builder_version=\u00a0\u00bb4.9.7&Prime; _module_preset=\u00a0\u00bbdefault\u00a0\u00bb][et_pb_column type=\u00a0\u00bb4_4&Prime; _builder_version=\u00a0\u00bb4.9.7&Prime; _module_preset=\u00a0\u00bbdefault\u00a0\u00bb][et_pb_text _builder_version=\u00a0\u00bb4.9.7&Prime; _module_preset=\u00a0\u00bbdefault\u00a0\u00bb text_font=\u00a0\u00bbSource Sans Pro||||||||\u00a0\u00bb text_text_color=\u00a0\u00bb#000000&Prime; text_font_size=\u00a0\u00bb17px\u00a0\u00bb]<\/p>\n<h2>Le forum solidaire<\/h2>\n<h3><strong>Etudiants &#8211; Entreprises<\/strong><\/h3>\n<p>[\/et_pb_text][\/et_pb_column][\/et_pb_row][et_pb_row column_structure=\u00a0\u00bb1_2,1_2&Prime; _builder_version=\u00a0\u00bb4.9.7&Prime; _module_preset=\u00a0\u00bbdefault\u00a0\u00bb][et_pb_column type=\u00a0\u00bb1_2&Prime; _builder_version=\u00a0\u00bb4.9.7&Prime; _module_preset=\u00a0\u00bbdefault\u00a0\u00bb][et_pb_text admin_label=\u00a0\u00bbedvantis : 2 \u00e9coles, 4 campus au Maroc\u00a0\u00bb _builder_version=\u00a0\u00bb4.9.7&Prime; header_2_font_size=\u00a0\u00bb40px\u00a0\u00bb background_size=\u00a0\u00bbinitial\u00a0\u00bb background_position=\u00a0\u00bbtop_left\u00a0\u00bb background_repeat=\u00a0\u00bbrepeat\u00a0\u00bb text_font_size_tablet=\u00a0\u00bb51&Prime; text_line_height_tablet=\u00a0\u00bb2&Prime; header_font_size_tablet=\u00a0\u00bb51&Prime; header_line_height_tablet=\u00a0\u00bb2&Prime; header_2_font_size_tablet=\u00a0\u00bb30px\u00a0\u00bb header_2_font_size_phone=\u00a0\u00bb20px\u00a0\u00bb header_2_font_size_last_edited=\u00a0\u00bbon|phone\u00a0\u00bb border_style=\u00a0\u00bbsolid\u00a0\u00bb]<\/p>\n<p>Unique en son genre, organis\u00e9 par le campus de Marrakech, le forum solidaire \u00e9tudiants \u2013 entreprises est un \u00e9v\u00e8nement majeur pour le recrutement des \u00e9tudiants de l&rsquo;ISGA. Il associe les acteurs du priv\u00e9 et du public (ANAPEC, CONSULAT de France, Centre R\u00e9gional d\u2019Investissement, Universit\u00e9 Cadi Ayyad) pour relever le challenge de l\u2019employabilit\u00e9 des jeunes. La qualit\u00e9 des relations entreprises entretenues par l&rsquo;ISGA depuis de nombreuses ann\u00e9es permet d\u2019accueillir plus de 70 recruteurs issus des secteurs :<\/p>\n<p>\u2981 A\u00e9ronautique<br \/>\u2981 Agroalimentaire<br \/>\u2981 Audit \/ Banque \/ Assurance<br \/>\u2981 Automobile<br \/>\u2981 Construction<br \/>\u2981 Grande distribution<br \/>\u2981 Informatique<br \/>\u2981 Robotique<br \/>\u2981 Tourisme h\u00f4tellerie<\/p>\n<p>[\/et_pb_text][\/et_pb_column][et_pb_column type=\u00a0\u00bb1_2&Prime; _builder_version=\u00a0\u00bb4.9.7&Prime; _module_preset=\u00a0\u00bbdefault\u00a0\u00bb][et_pb_image src=\u00a0\u00bbhttps:\/\/isga.ma\/isga\/wp-content\/uploads\/2022\/10\/isga-2.webp\u00a0\u00bb alt=\u00a0\u00bbISGA | Etudiants \u2013 Entreprises\u00a0\u00bb title_text=\u00a0\u00bbISGA | Etudiants \u2013 Entreprises\u00a0\u00bb admin_label=\u00a0\u00bbOur Story Image\u00a0\u00bb _builder_version=\u00a0\u00bb4.9.7&Prime;][\/et_pb_image][\/et_pb_column][\/et_pb_row][\/et_pb_section]<\/p>\n","protected":false},"excerpt":{"rendered":"<p>[et_pb_section fb_built=\u00a0\u00bb1&Prime; fullwidth=\u00a0\u00bbon\u00a0\u00bb module_class=\u00a0\u00bbde-inner-page-header\u00a0\u00bb _builder_version=\u00a0\u00bb4.9.7&Prime; background_color=\u00a0\u00bbrgba(6,22,47,0.6)\u00a0\u00bb background_enable_color=\u00a0\u00bboff\u00a0\u00bb background_image=\u00a0\u00bbhttps:\/\/isga.ma\/isga\/wp-content\/uploads\/2021\/09\/Poster-3-home-isga.jpg\u00a0\u00bb parallax=\u00a0\u00bbon\u00a0\u00bb][et_pb_fullwidth_post_title meta=\u00a0\u00bboff\u00a0\u00bb featured_image=\u00a0\u00bboff\u00a0\u00bb text_color=\u00a0\u00bblight\u00a0\u00bb admin_label=\u00a0\u00bbPage Title\u00a0\u00bb _builder_version=\u00a0\u00bb4.9.7&Prime; title_font=\u00a0\u00bb|300|||||||\u00a0\u00bb title_font_size=\u00a0\u00bb60px\u00a0\u00bb background_color=\u00a0\u00bbRGBA(0,0,0,0)\u00a0\u00bb parallax=\u00a0\u00bbon\u00a0\u00bb parallax_method=\u00a0\u00bboff\u00a0\u00bb title_font_size_tablet=\u00a0\u00bb50px\u00a0\u00bb title_font_size_phone=\u00a0\u00bb40px\u00a0\u00bb title_font_size_last_edited=\u00a0\u00bbon|phone\u00a0\u00bb title_line_height_tablet=\u00a0\u00bb2&Prime; meta_font_size_tablet=\u00a0\u00bb51&Prime; meta_line_height_tablet=\u00a0\u00bb2&Prime; border_style=\u00a0\u00bbsolid\u00a0\u00bb parallax_effect=\u00a0\u00bbon\u00a0\u00bb][\/et_pb_fullwidth_post_title][\/et_pb_section][et_pb_section fb_built=\u00a0\u00bb1&Prime; module_class=\u00a0\u00bbstudent-services-section\u00a0\u00bb _builder_version=\u00a0\u00bb4.3.4&Prime; transparent_background=\u00a0\u00bboff\u00a0\u00bb make_fullwidth=\u00a0\u00bboff\u00a0\u00bb use_custom_width=\u00a0\u00bboff\u00a0\u00bb width_unit=\u00a0\u00bbon\u00a0\u00bb][et_pb_row column_structure=\u00a0\u00bb3_5,2_5&Prime; _builder_version=\u00a0\u00bb4.9.7&Prime; _module_preset=\u00a0\u00bbdefault\u00a0\u00bb][et_pb_column type=\u00a0\u00bb3_5&Prime; _builder_version=\u00a0\u00bb4.9.7&Prime; _module_preset=\u00a0\u00bbdefault\u00a0\u00bb][et_pb_blurb title=\u00a0\u00bbLes stages sont une partie essentielle de la scolarit\u00e9 des \u00e9tudiants de l&rsquo;ISGA. Tout [&hellip;]<\/p>\n","protected":false},"author":4,"featured_media":0,"parent":0,"menu_order":0,"comment_status":"closed","ping_status":"closed","template":"","meta":{"_et_pb_use_builder":"on","_et_pb_old_content":"","_et_gb_content_width":"","content-type":"","footnotes":""},"class_list":["post-3495","page","type-page","status-publish","hentry"],"yoast_head":"<!-- This site is optimized with the Yoast SEO plugin v27.5 - https:\/\/yoast.com\/product\/yoast-seo-wordpress\/ -->\n<title>Stages et forum entreprises - ISGA Institut Sup\u00e9rieur d&#039;Ing\u00e9nierie &amp; des Affaires<\/title>\n<meta name=\"description\" content=\"Les stages sont une partie int\u00e9grante du cursus dans la scolarit\u00e9 des \u00e9tudiants de l\u2019ISGA et permettent aux \u00e9tudiants de mettre en pratique leurs connaissances th\u00e9oriques.\" \/>\n<meta name=\"robots\" content=\"noindex, follow, max-snippet:-1, max-image-preview:large, max-video-preview:-1\" \/>\n<meta property=\"og:locale\" content=\"fr_FR\" \/>\n<meta property=\"og:type\" content=\"article\" \/>\n<meta property=\"og:title\" content=\"Stages et forum entreprises - ISGA Institut Sup\u00e9rieur d&#039;Ing\u00e9nierie &amp; des Affaires\" \/>\n<meta property=\"og:description\" content=\"Les stages sont une partie int\u00e9grante du cursus dans la scolarit\u00e9 des \u00e9tudiants de l\u2019ISGA et permettent aux \u00e9tudiants de mettre en pratique leurs connaissances th\u00e9oriques.\" \/>\n<meta property=\"og:url\" content=\"https:\/\/isga.ma\/isga\/stages-et-forum-entreprises\/\" \/>\n<meta property=\"og:site_name\" content=\"ISGA Institut Sup\u00e9rieur d&#039;Ing\u00e9nierie &amp; des Affaires\" \/>\n<meta property=\"article:modified_time\" content=\"2025-12-11T14:41:34+00:00\" \/>\n<meta property=\"og:image\" content=\"https:\/\/isga.ma\/isga\/wp-content\/uploads\/2025\/04\/logo.png\" \/>\n\t<meta property=\"og:image:width\" content=\"282\" \/>\n\t<meta property=\"og:image:height\" content=\"55\" \/>\n\t<meta property=\"og:image:type\" content=\"image\/png\" \/>\n<meta name=\"twitter:card\" content=\"summary_large_image\" \/>\n<meta name=\"twitter:label1\" content=\"Dur\u00e9e de lecture estim\u00e9e\" \/>\n\t<meta name=\"twitter:data1\" content=\"10 minutes\" \/>\n<script type=\"application\/ld+json\" class=\"yoast-schema-graph\">{\"@context\":\"https:\\\/\\\/schema.org\",\"@graph\":[{\"@type\":\"WebPage\",\"@id\":\"https:\\\/\\\/isga.ma\\\/isga\\\/stages-et-forum-entreprises\\\/\",\"url\":\"https:\\\/\\\/isga.ma\\\/isga\\\/stages-et-forum-entreprises\\\/\",\"name\":\"Stages et forum entreprises - ISGA Institut Sup\u00e9rieur d&#039;Ing\u00e9nierie &amp; des Affaires\",\"isPartOf\":{\"@id\":\"https:\\\/\\\/isga.ma\\\/isga\\\/#website\"},\"primaryImageOfPage\":{\"@id\":\"https:\\\/\\\/isga.ma\\\/isga\\\/stages-et-forum-entreprises\\\/#primaryimage\"},\"image\":{\"@id\":\"https:\\\/\\\/isga.ma\\\/isga\\\/stages-et-forum-entreprises\\\/#primaryimage\"},\"thumbnailUrl\":\"https:\\\/\\\/isga.ma\\\/isga\\\/wp-content\\\/uploads\\\/2025\\\/04\\\/logo.png\",\"datePublished\":\"2021-10-22T13:46:32+00:00\",\"dateModified\":\"2025-12-11T14:41:34+00:00\",\"description\":\"Les stages sont une partie int\u00e9grante du cursus dans la scolarit\u00e9 des \u00e9tudiants de l\u2019ISGA et permettent aux \u00e9tudiants de mettre en pratique leurs connaissances th\u00e9oriques.\",\"breadcrumb\":{\"@id\":\"https:\\\/\\\/isga.ma\\\/isga\\\/stages-et-forum-entreprises\\\/#breadcrumb\"},\"inLanguage\":\"fr-FR\",\"potentialAction\":[{\"@type\":\"ReadAction\",\"target\":[\"https:\\\/\\\/isga.ma\\\/isga\\\/stages-et-forum-entreprises\\\/\"]}]},{\"@type\":\"ImageObject\",\"inLanguage\":\"fr-FR\",\"@id\":\"https:\\\/\\\/isga.ma\\\/isga\\\/stages-et-forum-entreprises\\\/#primaryimage\",\"url\":\"https:\\\/\\\/isga.ma\\\/isga\\\/wp-content\\\/uploads\\\/2025\\\/04\\\/logo.png\",\"contentUrl\":\"https:\\\/\\\/isga.ma\\\/isga\\\/wp-content\\\/uploads\\\/2025\\\/04\\\/logo.png\",\"width\":282,\"height\":55},{\"@type\":\"BreadcrumbList\",\"@id\":\"https:\\\/\\\/isga.ma\\\/isga\\\/stages-et-forum-entreprises\\\/#breadcrumb\",\"itemListElement\":[{\"@type\":\"ListItem\",\"position\":1,\"name\":\"Accueil\",\"item\":\"https:\\\/\\\/isga.ma\\\/isga\\\/\"},{\"@type\":\"ListItem\",\"position\":2,\"name\":\"Stages et forum entreprises\"}]},{\"@type\":\"WebSite\",\"@id\":\"https:\\\/\\\/isga.ma\\\/isga\\\/#website\",\"url\":\"https:\\\/\\\/isga.ma\\\/isga\\\/\",\"name\":\"ISGA Institut Sup\u00e9rieur d&#039;Ing\u00e9nierie &amp; des Affaires\",\"description\":\"Le chemin de la r\u00e9ussite depuis 1981\",\"potentialAction\":[{\"@type\":\"SearchAction\",\"target\":{\"@type\":\"EntryPoint\",\"urlTemplate\":\"https:\\\/\\\/isga.ma\\\/isga\\\/?s={search_term_string}\"},\"query-input\":{\"@type\":\"PropertyValueSpecification\",\"valueRequired\":true,\"valueName\":\"search_term_string\"}}],\"inLanguage\":\"fr-FR\"}]}<\/script>\n<!-- \/ Yoast SEO plugin. -->","yoast_head_json":{"title":"Stages et forum entreprises - ISGA Institut Sup\u00e9rieur d&#039;Ing\u00e9nierie &amp; des Affaires","description":"Les stages sont une partie int\u00e9grante du cursus dans la scolarit\u00e9 des \u00e9tudiants de l\u2019ISGA et permettent aux \u00e9tudiants de mettre en pratique leurs connaissances th\u00e9oriques.","robots":{"index":"noindex","follow":"follow","max-snippet":"max-snippet:-1","max-image-preview":"max-image-preview:large","max-video-preview":"max-video-preview:-1"},"og_locale":"fr_FR","og_type":"article","og_title":"Stages et forum entreprises - ISGA Institut Sup\u00e9rieur d&#039;Ing\u00e9nierie &amp; des Affaires","og_description":"Les stages sont une partie int\u00e9grante du cursus dans la scolarit\u00e9 des \u00e9tudiants de l\u2019ISGA et permettent aux \u00e9tudiants de mettre en pratique leurs connaissances th\u00e9oriques.","og_url":"https:\/\/isga.ma\/isga\/stages-et-forum-entreprises\/","og_site_name":"ISGA Institut Sup\u00e9rieur d&#039;Ing\u00e9nierie &amp; des Affaires","article_modified_time":"2025-12-11T14:41:34+00:00","og_image":[{"width":282,"height":55,"url":"https:\/\/isga.ma\/isga\/wp-content\/uploads\/2025\/04\/logo.png","type":"image\/png"}],"twitter_card":"summary_large_image","twitter_misc":{"Dur\u00e9e de lecture estim\u00e9e":"10 minutes"},"schema":{"@context":"https:\/\/schema.org","@graph":[{"@type":"WebPage","@id":"https:\/\/isga.ma\/isga\/stages-et-forum-entreprises\/","url":"https:\/\/isga.ma\/isga\/stages-et-forum-entreprises\/","name":"Stages et forum entreprises - ISGA Institut Sup\u00e9rieur d&#039;Ing\u00e9nierie &amp; des Affaires","isPartOf":{"@id":"https:\/\/isga.ma\/isga\/#website"},"primaryImageOfPage":{"@id":"https:\/\/isga.ma\/isga\/stages-et-forum-entreprises\/#primaryimage"},"image":{"@id":"https:\/\/isga.ma\/isga\/stages-et-forum-entreprises\/#primaryimage"},"thumbnailUrl":"https:\/\/isga.ma\/isga\/wp-content\/uploads\/2025\/04\/logo.png","datePublished":"2021-10-22T13:46:32+00:00","dateModified":"2025-12-11T14:41:34+00:00","description":"Les stages sont une partie int\u00e9grante du cursus dans la scolarit\u00e9 des \u00e9tudiants de l\u2019ISGA et permettent aux \u00e9tudiants de mettre en pratique leurs connaissances th\u00e9oriques.","breadcrumb":{"@id":"https:\/\/isga.ma\/isga\/stages-et-forum-entreprises\/#breadcrumb"},"inLanguage":"fr-FR","potentialAction":[{"@type":"ReadAction","target":["https:\/\/isga.ma\/isga\/stages-et-forum-entreprises\/"]}]},{"@type":"ImageObject","inLanguage":"fr-FR","@id":"https:\/\/isga.ma\/isga\/stages-et-forum-entreprises\/#primaryimage","url":"https:\/\/isga.ma\/isga\/wp-content\/uploads\/2025\/04\/logo.png","contentUrl":"https:\/\/isga.ma\/isga\/wp-content\/uploads\/2025\/04\/logo.png","width":282,"height":55},{"@type":"BreadcrumbList","@id":"https:\/\/isga.ma\/isga\/stages-et-forum-entreprises\/#breadcrumb","itemListElement":[{"@type":"ListItem","position":1,"name":"Accueil","item":"https:\/\/isga.ma\/isga\/"},{"@type":"ListItem","position":2,"name":"Stages et forum entreprises"}]},{"@type":"WebSite","@id":"https:\/\/isga.ma\/isga\/#website","url":"https:\/\/isga.ma\/isga\/","name":"ISGA Institut Sup\u00e9rieur d&#039;Ing\u00e9nierie &amp; des Affaires","description":"Le chemin de la r\u00e9ussite depuis 1981","potentialAction":[{"@type":"SearchAction","target":{"@type":"EntryPoint","urlTemplate":"https:\/\/isga.ma\/isga\/?s={search_term_string}"},"query-input":{"@type":"PropertyValueSpecification","valueRequired":true,"valueName":"search_term_string"}}],"inLanguage":"fr-FR"}]}},"_links":{"self":[{"href":"https:\/\/isga.ma\/isga\/wp-json\/wp\/v2\/pages\/3495","targetHints":{"allow":["GET"]}}],"collection":[{"href":"https:\/\/isga.ma\/isga\/wp-json\/wp\/v2\/pages"}],"about":[{"href":"https:\/\/isga.ma\/isga\/wp-json\/wp\/v2\/types\/page"}],"author":[{"embeddable":true,"href":"https:\/\/isga.ma\/isga\/wp-json\/wp\/v2\/users\/4"}],"replies":[{"embeddable":true,"href":"https:\/\/isga.ma\/isga\/wp-json\/wp\/v2\/comments?post=3495"}],"version-history":[{"count":72,"href":"https:\/\/isga.ma\/isga\/wp-json\/wp\/v2\/pages\/3495\/revisions"}],"predecessor-version":[{"id":12284,"href":"https:\/\/isga.ma\/isga\/wp-json\/wp\/v2\/pages\/3495\/revisions\/12284"}],"wp:attachment":[{"href":"https:\/\/isga.ma\/isga\/wp-json\/wp\/v2\/media?parent=3495"}],"curies":[{"name":"wp","href":"https:\/\/api.w.org\/{rel}","templated":true}]}}