{"id":9967,"date":"2023-11-27T17:38:02","date_gmt":"2023-11-27T16:38:02","guid":{"rendered":"https:\/\/isga.ma\/isga\/?page_id=9967"},"modified":"2025-06-30T10:26:02","modified_gmt":"2025-06-30T08:26:02","slug":"mba-part-time-en-double-diplome","status":"publish","type":"page","link":"https:\/\/isga.ma\/isga\/mba-part-time-en-double-diplome\/","title":{"rendered":"MBA (part-time) en double dipl\u00f4me"},"content":{"rendered":"<p>[et_pb_section fb_built=\u00a0\u00bb1&Prime; fullwidth=\u00a0\u00bbon\u00a0\u00bb module_class=\u00a0\u00bbde-inner-page-header\u00a0\u00bb _builder_version=\u00a0\u00bb4.9.7&Prime; background_color=\u00a0\u00bbrgba(6,22,47,0.6)\u00a0\u00bb background_enable_color=\u00a0\u00bboff\u00a0\u00bb background_image=\u00a0\u00bbhttps:\/\/isga.ma\/isga\/wp-content\/uploads\/2023\/12\/home-edvantis-sans-logo.jpg\u00a0\u00bb parallax=\u00a0\u00bbon\u00a0\u00bb locked=\u00a0\u00bboff\u00a0\u00bb][et_pb_fullwidth_post_title meta=\u00a0\u00bboff\u00a0\u00bb featured_image=\u00a0\u00bboff\u00a0\u00bb text_color=\u00a0\u00bblight\u00a0\u00bb admin_label=\u00a0\u00bbPage Title\u00a0\u00bb _builder_version=\u00a0\u00bb4.9.7&Prime; title_font=\u00a0\u00bb|300|||||||\u00a0\u00bb title_font_size=\u00a0\u00bb60px\u00a0\u00bb background_color=\u00a0\u00bbRGBA(0,0,0,0)\u00a0\u00bb parallax=\u00a0\u00bbon\u00a0\u00bb parallax_method=\u00a0\u00bboff\u00a0\u00bb title_font_size_tablet=\u00a0\u00bb50px\u00a0\u00bb title_font_size_phone=\u00a0\u00bb40px\u00a0\u00bb title_font_size_last_edited=\u00a0\u00bbon|phone\u00a0\u00bb title_line_height_tablet=\u00a0\u00bb2&Prime; meta_font_size_tablet=\u00a0\u00bb51&Prime; meta_line_height_tablet=\u00a0\u00bb2&Prime; parallax_effect=\u00a0\u00bbon\u00a0\u00bb border_style=\u00a0\u00bbsolid\u00a0\u00bb][\/et_pb_fullwidth_post_title][\/et_pb_section][et_pb_section fb_built=\u00a0\u00bb1&Prime; _builder_version=\u00a0\u00bb4.9.7&Prime; _module_preset=\u00a0\u00bbdefault\u00a0\u00bb background_enable_color=\u00a0\u00bboff\u00a0\u00bb custom_margin=\u00a0\u00bb0px||||false|false\u00a0\u00bb locked=\u00a0\u00bboff\u00a0\u00bb collapsed=\u00a0\u00bboff\u00a0\u00bb][et_pb_row _builder_version=\u00a0\u00bb4.9.7&Prime; _module_preset=\u00a0\u00bbdefault\u00a0\u00bb][et_pb_column type=\u00a0\u00bb4_4&Prime; _builder_version=\u00a0\u00bb4.9.7&Prime; _module_preset=\u00a0\u00bbdefault\u00a0\u00bb][et_pb_text _builder_version=\u00a0\u00bb4.9.7&Prime; _module_preset=\u00a0\u00bbdefault\u00a0\u00bb text_orientation=\u00a0\u00bbjustified\u00a0\u00bb]<\/p>\n<p><span style=\"color: #d81f35;\"><strong>EDVANTIS Higher Education Group lance son MBA en double dipl\u00f4me avec <a target=\"_blank\" rel=\"noopener\">Le Mans Universit\u00e9 France <\/a>(Master Management et Administration des entreprises reconnu par l\u2019Etat Fran\u00e7ais).<\/strong><\/span><\/p>\n<p>Cette initiative in\u00e9dite vise \u00e0 former des dirigeants capables de concilier un savoir-faire sp\u00e9cialis\u00e9 et une comp\u00e9tence globale et op\u00e9rationnelle en management. Tr\u00e8s appr\u00e9ci\u00e9e des entreprises, cette double comp\u00e9tence constitue un r\u00e9el avantage lors de la recherche d\u2019emploi et un gage de progression acc\u00e9l\u00e9r\u00e9e de carri\u00e8re par la suite.<\/p>\n<p>[\/et_pb_text][et_pb_text _builder_version=\u00a0\u00bb4.9.7&Prime; _module_preset=\u00a0\u00bbdefault\u00a0\u00bb custom_margin=\u00a0\u00bb0px|0px|0px|0px|true|true\u00a0\u00bb custom_padding=\u00a0\u00bb10px|10px|10px|10px|true|true\u00a0\u00bb border_radii=\u00a0\u00bbon|10px|10px|10px|10px\u00a0\u00bb border_width_all=\u00a0\u00bb1px\u00a0\u00bb]<\/p>\n<p style=\"text-align: center;\"><img loading=\"lazy\" decoding=\"async\" class=\"wp-image-4913 alignnone \" src=\"https:\/\/isga.ma\/isga\/wp-content\/uploads\/2021\/10\/Download.png\" alt=\"\" width=\"42\" height=\"36\" \/><\/p>\n<p style=\"text-align: center;\"><a href=\"https:\/\/isga.ma\/isga\/wp-content\/uploads\/2024\/03\/CP-Lancement-du-Junior-MBA-et-du-MSc-DM-dEdvantis-04122023.pdf\" target=\"_blank\" rel=\"noopener\"><strong>Communiqu\u00e9 de presse \u2013 EDVANTIS Higher Education Group lance un MBA et un MSc Data Management en part-time<\/strong><\/a><\/p>\n<p>[\/et_pb_text][et_pb_text admin_label=\u00a0\u00bbText\u00a0\u00bb _builder_version=\u00a0\u00bb4.9.7&Prime; _module_preset=\u00a0\u00bbdefault\u00a0\u00bb text_font=\u00a0\u00bb||||||||\u00a0\u00bb text_text_color=\u00a0\u00bb#000000&Prime; text_orientation=\u00a0\u00bbjustified\u00a0\u00bb custom_margin=\u00a0\u00bb||||false|false\u00a0\u00bb][\/et_pb_text][et_pb_text admin_label=\u00a0\u00bbHybridation &#8211; section 2&Prime; module_class=\u00a0\u00bbde-special-heading\u00a0\u00bb _builder_version=\u00a0\u00bb4.9.7&Prime; text_text_color=\u00a0\u00bb#FFFFFF\u00a0\u00bb text_line_height=\u00a0\u00bb1.8em\u00a0\u00bb header_text_color=\u00a0\u00bb#FFFFFF\u00a0\u00bb header_2_font=\u00a0\u00bb|600||on|||||\u00a0\u00bb header_2_font_size=\u00a0\u00bb50px\u00a0\u00bb header_2_letter_spacing=\u00a0\u00bb2px\u00a0\u00bb header_3_font=\u00a0\u00bb|300||on|||||\u00a0\u00bb header_3_text_color=\u00a0\u00bb#000000&Prime; header_3_font_size=\u00a0\u00bb40px\u00a0\u00bb header_3_letter_spacing=\u00a0\u00bb1px\u00a0\u00bb background_size=\u00a0\u00bbinitial\u00a0\u00bb background_position=\u00a0\u00bbtop_left\u00a0\u00bb background_repeat=\u00a0\u00bbrepeat\u00a0\u00bb background_layout=\u00a0\u00bbdark\u00a0\u00bb header_2_font_size_tablet=\u00a0\u00bb40px\u00a0\u00bb header_2_font_size_phone=\u00a0\u00bb30px\u00a0\u00bb header_2_font_size_last_edited=\u00a0\u00bbon|desktop\u00a0\u00bb header_3_font_size_tablet=\u00a0\u00bb30px\u00a0\u00bb header_3_font_size_phone=\u00a0\u00bb20px\u00a0\u00bb header_3_font_size_last_edited=\u00a0\u00bbon|desktop\u00a0\u00bb border_style=\u00a0\u00bbsolid\u00a0\u00bb]<\/p>\n<h2 style=\"color: #d81f35; font-size: 21px !important;\"><span style=\"color: #d81f35;\"><strong>Satisfaire aux exigences de comp\u00e9tences techniques et manag\u00e9riales des entreprises<\/strong><\/span><\/h2>\n<p>[\/et_pb_text][et_pb_text admin_label=\u00a0\u00bbText\u00a0\u00bb _builder_version=\u00a0\u00bb4.9.7&Prime; _module_preset=\u00a0\u00bbdefault\u00a0\u00bb text_font=\u00a0\u00bb||||||||\u00a0\u00bb text_text_color=\u00a0\u00bb#000000&Prime; text_orientation=\u00a0\u00bbjustified\u00a0\u00bb custom_margin=\u00a0\u00bb||||false|false\u00a0\u00bb]<\/p>\n<p>Ce programme de <strong>niveau Bac+5\/6<\/strong>, <strong>ouvert aux jeunes dipl\u00f4m\u00e9s titulaires d\u2019un bac+5 ou \u00e0 des cadres titulaires d\u2019un bac+4 ou 5<\/strong>, ayant <strong>un profil scientifique<\/strong>, <strong>technique, juridique, artistique ou litt\u00e9raire<\/strong> n\u2019ayant pas ou peu suivi de formation en gestion au cours de leur scolarit\u00e9. Il leur permet d\u2019<strong>obtenir une double comp\u00e9tence<\/strong> : acquisition de solides bases en gestion en compl\u00e9ment de leur sp\u00e9cialisation d\u2019origine. Pour cela, le MBA propose une formation conjuguant une approche juridique, \u00e9conomique et gestionnaire de l\u2019entreprise.<\/p>\n<p>Il vise \u00e0 former les managers interm\u00e9diaires dans les entreprises et les entrepreneurs capables de relever les d\u00e9fis complexes et \u00e9volutifs du monde des affaires d&rsquo;aujourd&rsquo;hui.<\/p>\n<p>[\/et_pb_text][\/et_pb_column][\/et_pb_row][\/et_pb_section][et_pb_section fb_built=\u00a0\u00bb1&Prime; _builder_version=\u00a0\u00bb4.9.7&Prime; _module_preset=\u00a0\u00bbdefault\u00a0\u00bb background_color=\u00a0\u00bb#f2f2f2&Prime; locked=\u00a0\u00bboff\u00a0\u00bb collapsed=\u00a0\u00bboff\u00a0\u00bb][et_pb_row column_structure=\u00a0\u00bb1_2,1_2&Prime; _builder_version=\u00a0\u00bb4.9.7&Prime; _module_preset=\u00a0\u00bbdefault\u00a0\u00bb][et_pb_column type=\u00a0\u00bb1_2&Prime; _builder_version=\u00a0\u00bb4.9.7&Prime; _module_preset=\u00a0\u00bbdefault\u00a0\u00bb custom_padding=\u00a0\u00bb|10%|||false|false\u00a0\u00bb border_width_right=\u00a0\u00bb1px\u00a0\u00bb][et_pb_text admin_label=\u00a0\u00bbHybridation &#8211; section 2&Prime; module_class=\u00a0\u00bbde-special-heading\u00a0\u00bb _builder_version=\u00a0\u00bb4.9.7&Prime; text_text_color=\u00a0\u00bb#FFFFFF\u00a0\u00bb text_line_height=\u00a0\u00bb1.8em\u00a0\u00bb header_text_color=\u00a0\u00bb#FFFFFF\u00a0\u00bb header_2_font=\u00a0\u00bb|600||on|||||\u00a0\u00bb header_2_font_size=\u00a0\u00bb50px\u00a0\u00bb header_2_letter_spacing=\u00a0\u00bb2px\u00a0\u00bb header_3_font=\u00a0\u00bb|300||on|||||\u00a0\u00bb header_3_text_color=\u00a0\u00bb#000000&Prime; header_3_font_size=\u00a0\u00bb40px\u00a0\u00bb header_3_letter_spacing=\u00a0\u00bb1px\u00a0\u00bb background_size=\u00a0\u00bbinitial\u00a0\u00bb background_position=\u00a0\u00bbtop_left\u00a0\u00bb background_repeat=\u00a0\u00bbrepeat\u00a0\u00bb background_layout=\u00a0\u00bbdark\u00a0\u00bb header_2_font_size_tablet=\u00a0\u00bb40px\u00a0\u00bb header_2_font_size_phone=\u00a0\u00bb30px\u00a0\u00bb header_2_font_size_last_edited=\u00a0\u00bbon|desktop\u00a0\u00bb header_3_font_size_tablet=\u00a0\u00bb30px\u00a0\u00bb header_3_font_size_phone=\u00a0\u00bb20px\u00a0\u00bb header_3_font_size_last_edited=\u00a0\u00bbon|desktop\u00a0\u00bb border_style=\u00a0\u00bbsolid\u00a0\u00bb]<\/p>\n<h2 style=\"color: #d81f35 !important; font-size: 21px !important;\"><span style=\"color: #1b9476;\"><strong>Le MBA <br \/>en double dipl\u00f4me avec le Master Management et Administration des Entreprises (niveau Bac+5\/6) <\/strong><\/span><\/h2>\n<p>[\/et_pb_text][et_pb_text _builder_version=\u00a0\u00bb4.9.7&Prime; _module_preset=\u00a0\u00bbdefault\u00a0\u00bb text_orientation=\u00a0\u00bbjustified\u00a0\u00bb hover_enabled=\u00a0\u00bb0&Prime; sticky_enabled=\u00a0\u00bb0&Prime;]<\/p>\n<p>Cette formation est une formation Double Comp\u00e9tence sanctionn\u00e9e par :<\/p>\n<p><span style=\"color: #000000;\">\u2192 <strong>Un MBA de Edvantis Higher Education Group<\/strong><\/span><\/p>\n<p><span style=\"color: #000000;\">\u2192 <strong>Un Master de Le Mans Universit\u00e9 reconnu par l\u2019Etat Fran\u00e7ais : Master en Management et Administration des Entreprises<\/strong><\/span><\/p>\n<p>Les modules th\u00e9oriques permettent d\u2019apporter un compl\u00e9ment de haut niveau en gestion des entreprises et d\u2019assurer la ma\u00eetrise des diff\u00e9rents outils fondamentaux de la gestion. La formation est \u00e9galement centr\u00e9e sur l\u2019art de mobiliser le savoir en situation (exercices, \u00e9tudes de cas, simulations de gestion, travail de groupe, rencontres avec des professionnels).<\/p>\n<p>Une place essentielle est faite \u00e0 la r\u00e9flexion et \u00e0 la r\u00e9solution de diff\u00e9rents probl\u00e8mes concrets de direction et d\u2019organisation des entreprises, tant durant la formation que pendant la mission en entreprise.<\/p>\n<p>Il est ouvert aux jeunes dipl\u00f4m\u00e9s bac+5 dans toutes les disciplines techniques ainsi qu\u2019aux professionnels en activit\u00e9 souhaitant \u00e9voluer dans des postes de management.<\/p>\n<p><strong>Le programme est propos\u00e9 en temps partiel : les samedis et dimanches une semaine sur 2, sur une dur\u00e9e de 12 mois.<\/strong><\/p>\n<p>[\/et_pb_text][et_pb_cta title=\u00a0\u00bbLa prochaine rentr\u00e9e aura lieu en janvier 2026 sur nos diff\u00e9rents campus \u00e0 Casablanca, Rabat, F\u00e8s et Marrakech\u00a0\u00bb button_url=\u00a0\u00bb@ET-DC@eyJkeW5hbWljIjp0cnVlLCJjb250ZW50IjoicG9zdF9saW5rX3VybF9wYWdlIiwic2V0dGluZ3MiOnsicG9zdF9pZCI6IjEwMTIxIn19@\u00a0\u00bb button_text=\u00a0\u00bbCandidatez\u00a0\u00bb disabled_on=\u00a0\u00bbon|off|off\u00a0\u00bb admin_label=\u00a0\u00bbcandidature\u00a0\u00bb _builder_version=\u00a0\u00bb4.9.7&Prime; _dynamic_attributes=\u00a0\u00bbbutton_url\u00a0\u00bb _module_preset=\u00a0\u00bbdefault\u00a0\u00bb header_level=\u00a0\u00bbh3&Prime; header_font=\u00a0\u00bb|700|||||||\u00a0\u00bb header_font_size=\u00a0\u00bb18px\u00a0\u00bb background_color=\u00a0\u00bb#da2d41&Prime; custom_button=\u00a0\u00bbon\u00a0\u00bb button_font=\u00a0\u00bb|800|||||||\u00a0\u00bb button_alignment=\u00a0\u00bbcenter\u00a0\u00bb z_index=\u00a0\u00bb-188&Prime; border_radii=\u00a0\u00bbon|10px|10px|10px|10px\u00a0\u00bb locked=\u00a0\u00bboff\u00a0\u00bb][\/et_pb_cta][et_pb_text _builder_version=\u00a0\u00bb4.9.7&Prime; _module_preset=\u00a0\u00bbdefault\u00a0\u00bb text_orientation=\u00a0\u00bbjustified\u00a0\u00bb][\/et_pb_text][\/et_pb_column][et_pb_column type=\u00a0\u00bb1_2&Prime; _builder_version=\u00a0\u00bb4.9.7&Prime; _module_preset=\u00a0\u00bbdefault\u00a0\u00bb border_color_all=\u00a0\u00bbRGBA(0,0,0,0)\u00a0\u00bb border_style_all=\u00a0\u00bbnone\u00a0\u00bb][et_pb_text admin_label=\u00a0\u00bbHybridation &#8211; section 2&Prime; module_class=\u00a0\u00bbde-special-heading\u00a0\u00bb _builder_version=\u00a0\u00bb4.9.7&Prime; text_text_color=\u00a0\u00bb#FFFFFF\u00a0\u00bb text_line_height=\u00a0\u00bb1.8em\u00a0\u00bb header_text_color=\u00a0\u00bb#FFFFFF\u00a0\u00bb header_2_font=\u00a0\u00bb|600||on|||||\u00a0\u00bb header_2_font_size=\u00a0\u00bb50px\u00a0\u00bb header_2_letter_spacing=\u00a0\u00bb2px\u00a0\u00bb header_3_font=\u00a0\u00bb|300||on|||||\u00a0\u00bb header_3_text_color=\u00a0\u00bb#000000&Prime; header_3_font_size=\u00a0\u00bb40px\u00a0\u00bb header_3_letter_spacing=\u00a0\u00bb1px\u00a0\u00bb background_size=\u00a0\u00bbinitial\u00a0\u00bb background_position=\u00a0\u00bbtop_left\u00a0\u00bb background_repeat=\u00a0\u00bbrepeat\u00a0\u00bb background_layout=\u00a0\u00bbdark\u00a0\u00bb header_2_font_size_tablet=\u00a0\u00bb40px\u00a0\u00bb header_2_font_size_phone=\u00a0\u00bb30px\u00a0\u00bb header_2_font_size_last_edited=\u00a0\u00bbon|desktop\u00a0\u00bb header_3_font_size_tablet=\u00a0\u00bb30px\u00a0\u00bb header_3_font_size_phone=\u00a0\u00bb20px\u00a0\u00bb header_3_font_size_last_edited=\u00a0\u00bbon|desktop\u00a0\u00bb border_style=\u00a0\u00bbsolid\u00a0\u00bb]<\/p>\n<h2 style=\"color: #d81f35 !important; font-size: 21px !important;\"><span style=\"color: #1b9476;\"><strong>Programme (350h dont 50h en e-learning) <\/strong><\/span><\/h2>\n<p>[\/et_pb_text][et_pb_text admin_label=\u00a0\u00bbText\u00a0\u00bb _builder_version=\u00a0\u00bb4.9.7&Prime; _module_preset=\u00a0\u00bbdefault\u00a0\u00bb text_font=\u00a0\u00bb||||||||\u00a0\u00bb text_text_color=\u00a0\u00bb#000000&Prime; text_orientation=\u00a0\u00bbjustified\u00a0\u00bb custom_margin=\u00a0\u00bb||||false|false\u00a0\u00bb]<\/p>\n<p><span style=\"color: #000000;\">\u2192 Strat\u00e9gie et Marketing <\/span><\/p>\n<ul>\n<li>Management strat\u00e9gique<\/li>\n<li>Marketing<\/li>\n<li>Environnement \u00e9conomique<\/li>\n<li>Business Game<\/li>\n<\/ul>\n<p><span style=\"color: #000000;\">\u2192 Finance et comptabilit\u00e9<\/span><\/p>\n<ul>\n<li>Management comptable<\/li>\n<li>Management financier et Choix d&rsquo;investissement et de financement<\/li>\n<li>Analyse des co\u00fbts et contr\u00f4le de gestion<\/li>\n<li>Entrepreneuriat et Business Planning<\/li>\n<\/ul>\n<p><span style=\"color: #000000;\">\u2192 Management et conduite de changement<\/span><\/p>\n<ul>\n<li>Management des RH<\/li>\n<li>Management de projet<\/li>\n<li>Management d&rsquo;\u00e9quipe et management relationnel<\/li>\n<li>Leadership et comportement organisationnel<\/li>\n<\/ul>\n<p><span style=\"color: #000000;\">\u2192 Management juridique et RSE<\/span><\/p>\n<ul>\n<li>Droit des soci\u00e9t\u00e9s<\/li>\n<li>Droit du travail<\/li>\n<li>Gouvernance des entreprises et RSE<\/li>\n<\/ul>\n<p><span style=\"color: #000000;\">\u2192 Communication et coaching pro<\/span><\/p>\n<ul>\n<li>Anglais des affaires<\/li>\n<li>Communication organisationnelle<\/li>\n<li>Coaching professionnel<\/li>\n<\/ul>\n<p><span style=\"color: #000000;\">\u2192 Digitalisation<\/span><\/p>\n<ul>\n<li>Intelligence artificielle pour le Business<\/li>\n<li>Big Data pour la prise de d\u00e9cision<\/li>\n<\/ul>\n<p>[\/et_pb_text][\/et_pb_column][\/et_pb_row][\/et_pb_section][et_pb_section fb_built=\u00a0\u00bb1&Prime; _builder_version=\u00a0\u00bb4.9.7&Prime; _module_preset=\u00a0\u00bbdefault\u00a0\u00bb background_color=\u00a0\u00bb#1c9576&Prime; locked=\u00a0\u00bboff\u00a0\u00bb collapsed=\u00a0\u00bboff\u00a0\u00bb][et_pb_row column_structure=\u00a0\u00bb1_2,1_2&Prime; _builder_version=\u00a0\u00bb4.9.7&Prime; _module_preset=\u00a0\u00bbdefault\u00a0\u00bb collapsed=\u00a0\u00bboff\u00a0\u00bb][et_pb_column type=\u00a0\u00bb1_2&Prime; _builder_version=\u00a0\u00bb4.9.7&Prime; _module_preset=\u00a0\u00bbdefault\u00a0\u00bb][et_pb_text admin_label=\u00a0\u00bbmanagementx\u00a0\u00bb module_class=\u00a0\u00bbde-special-heading\u00a0\u00bb _builder_version=\u00a0\u00bb4.9.7&Prime; text_text_color=\u00a0\u00bb#FFFFFF\u00a0\u00bb text_line_height=\u00a0\u00bb1.8em\u00a0\u00bb header_text_color=\u00a0\u00bb#FFFFFF\u00a0\u00bb header_2_font=\u00a0\u00bb|600||on|||||\u00a0\u00bb header_2_font_size=\u00a0\u00bb50px\u00a0\u00bb header_2_letter_spacing=\u00a0\u00bb2px\u00a0\u00bb header_3_font=\u00a0\u00bb|300||on|||||\u00a0\u00bb header_3_text_color=\u00a0\u00bb#000000&Prime; header_3_font_size=\u00a0\u00bb40px\u00a0\u00bb header_3_letter_spacing=\u00a0\u00bb1px\u00a0\u00bb background_size=\u00a0\u00bbinitial\u00a0\u00bb background_position=\u00a0\u00bbtop_left\u00a0\u00bb background_repeat=\u00a0\u00bbrepeat\u00a0\u00bb background_layout=\u00a0\u00bbdark\u00a0\u00bb header_2_font_size_tablet=\u00a0\u00bb40px\u00a0\u00bb header_2_font_size_phone=\u00a0\u00bb30px\u00a0\u00bb header_2_font_size_last_edited=\u00a0\u00bbon|desktop\u00a0\u00bb header_3_font_size_tablet=\u00a0\u00bb30px\u00a0\u00bb header_3_font_size_phone=\u00a0\u00bb20px\u00a0\u00bb header_3_font_size_last_edited=\u00a0\u00bbon|desktop\u00a0\u00bb border_style=\u00a0\u00bbsolid\u00a0\u00bb]<\/p>\n<h3 style=\"color: #d81f35 !important; font-size: 35px !important;\"><strong><span style=\"color: #ffffff;\">Admission<\/span><\/strong><\/h3>\n<p>[\/et_pb_text][et_pb_text admin_label=\u00a0\u00bbText\u00a0\u00bb _builder_version=\u00a0\u00bb4.9.7&Prime; _module_preset=\u00a0\u00bbdefault\u00a0\u00bb text_font=\u00a0\u00bbSource Sans Pro||||||||\u00a0\u00bb text_text_color=\u00a0\u00bb#565658&Prime; custom_margin=\u00a0\u00bb|10%|||false|false\u00a0\u00bb]<\/p>\n<p><span style=\"color: #ffffff;\">L\u2019admission au programme se fait sur dossier incluant les \u00e9l\u00e9ments suivants :<\/span><\/p>\n<p><span style=\"color: #ffffff;\">\u2192 Le Curriculum Vitae complet du candidat<br \/>\n<\/span><\/p>\n<p><span style=\"color: #ffffff;\">\u2192 Les relev\u00e9s de notes des deux derni\u00e8res ann\u00e9es d\u2019\u00e9tudes<br \/>\n<\/span><\/p>\n<p><span style=\"color: #ffffff;\">\u2192 Le dipl\u00f4me du baccalaur\u00e9at ainsi que tout autre dipl\u00f4me universitaire obtenu<br \/>\n<\/span><\/p>\n<p><span style=\"color: #ffffff;\">\u2192 Une lettre de candidature d\u2019une page<br \/>\n<\/span><\/p>\n<p>[\/et_pb_text][\/et_pb_column][et_pb_column type=\u00a0\u00bb1_2&Prime; _builder_version=\u00a0\u00bb4.9.7&Prime; _module_preset=\u00a0\u00bbdefault\u00a0\u00bb][et_pb_text admin_label=\u00a0\u00bbmanagementx\u00a0\u00bb module_class=\u00a0\u00bbde-special-heading\u00a0\u00bb _builder_version=\u00a0\u00bb4.9.7&Prime; text_text_color=\u00a0\u00bb#FFFFFF\u00a0\u00bb text_line_height=\u00a0\u00bb1.8em\u00a0\u00bb header_text_color=\u00a0\u00bb#FFFFFF\u00a0\u00bb header_2_font=\u00a0\u00bb|600||on|||||\u00a0\u00bb header_2_font_size=\u00a0\u00bb50px\u00a0\u00bb header_2_letter_spacing=\u00a0\u00bb2px\u00a0\u00bb header_3_font=\u00a0\u00bb|300||on|||||\u00a0\u00bb header_3_text_color=\u00a0\u00bb#000000&Prime; header_3_font_size=\u00a0\u00bb40px\u00a0\u00bb header_3_letter_spacing=\u00a0\u00bb1px\u00a0\u00bb background_size=\u00a0\u00bbinitial\u00a0\u00bb background_position=\u00a0\u00bbtop_left\u00a0\u00bb background_repeat=\u00a0\u00bbrepeat\u00a0\u00bb background_layout=\u00a0\u00bbdark\u00a0\u00bb header_2_font_size_tablet=\u00a0\u00bb40px\u00a0\u00bb header_2_font_size_phone=\u00a0\u00bb30px\u00a0\u00bb header_2_font_size_last_edited=\u00a0\u00bbon|desktop\u00a0\u00bb header_3_font_size_tablet=\u00a0\u00bb30px\u00a0\u00bb header_3_font_size_phone=\u00a0\u00bb20px\u00a0\u00bb header_3_font_size_last_edited=\u00a0\u00bbon|desktop\u00a0\u00bb border_style=\u00a0\u00bbsolid\u00a0\u00bb]<\/p>\n<h3 style=\"color: #d81f35 !important; font-size: 35px !important;\"><strong><span style=\"color: #ffffff;\">Tarifs de la formation  <\/span><\/strong><\/h3>\n<p>[\/et_pb_text][et_pb_text admin_label=\u00a0\u00bbText\u00a0\u00bb _builder_version=\u00a0\u00bb4.9.7&Prime; _module_preset=\u00a0\u00bbdefault\u00a0\u00bb text_font=\u00a0\u00bbSource Sans Pro||||||||\u00a0\u00bb text_text_color=\u00a0\u00bb#FFFFFF\u00a0\u00bb custom_margin=\u00a0\u00bb|10%|||false|false\u00a0\u00bb]<\/p>\n<p><span style=\"color: #ffffff;\">\u2192 <strong>Frais d\u2019inscription<\/strong>\u202f: 5 000 DHS*<\/span><\/p>\n<p><span style=\"color: #ffffff;\">\u2192 <strong>Frais de scolarit\u00e9\u202f<\/strong>: 20 000 DHS* \/ trimestre  (sur 4 trimestres)<\/span><\/p>\n<p><strong><span style=\"color: #ffffff;\">Les dipl\u00f4m\u00e9s des \u00e9coles du Groupe Edvantis b\u00e9n\u00e9ficient d\u2019une r\u00e9duction de 5000 Dhs sur les frais de scolarit\u00e9.<\/span><\/strong><\/p>\n<p><span style=\"color: #ffffff;\">(*) Les individus suivant une formation continue (reprise d&rsquo;\u00e9tudes apr\u00e8s une exp\u00e9rience professionnelle) seront soumis \u00e0 la TVA et devront acquitter une taxe suppl\u00e9mentaire de 20%.<\/span><\/p>\n<p>[\/et_pb_text][\/et_pb_column][\/et_pb_row][\/et_pb_section]<\/p>\n","protected":false},"excerpt":{"rendered":"<p>EDVANTIS Higher Education Group s\u2019associe lance son Junior MBA en double dipl\u00f4me avec Le Mans Universit\u00e9 France (Master Management et Administration des entreprises reconnu par l\u2019Etat Fran\u00e7ais).<\/p>\n","protected":false},"author":4,"featured_media":9982,"parent":0,"menu_order":0,"comment_status":"closed","ping_status":"closed","template":"","meta":{"_et_pb_use_builder":"on","_et_pb_old_content":"","_et_gb_content_width":"","content-type":"","footnotes":""},"class_list":["post-9967","page","type-page","status-publish","has-post-thumbnail","hentry"],"yoast_head":"<!-- This site is optimized with the Yoast SEO plugin v27.5 - https:\/\/yoast.com\/product\/yoast-seo-wordpress\/ -->\n<title>MBA (part-time) en double dipl\u00f4me - ISGA Institut Sup\u00e9rieur d&#039;Ing\u00e9nierie &amp; des Affaires<\/title>\n<meta name=\"description\" content=\"EDVANTIS Higher Education Group s\u2019associe lance son Junior MBA en double dipl\u00f4me avec Le Mans Universit\u00e9 France (Master Management et Administration des entreprises reconnu par l\u2019Etat Fran\u00e7ais).\" \/>\n<meta name=\"robots\" content=\"noindex, follow, max-snippet:-1, max-image-preview:large, max-video-preview:-1\" \/>\n<meta property=\"og:locale\" content=\"fr_FR\" \/>\n<meta property=\"og:type\" content=\"article\" \/>\n<meta property=\"og:title\" content=\"MBA (part-time) en double dipl\u00f4me - ISGA Institut Sup\u00e9rieur d&#039;Ing\u00e9nierie &amp; des Affaires\" \/>\n<meta property=\"og:description\" content=\"EDVANTIS Higher Education Group s\u2019associe lance son Junior MBA en double dipl\u00f4me avec Le Mans Universit\u00e9 France (Master Management et Administration des entreprises reconnu par l\u2019Etat Fran\u00e7ais).\" \/>\n<meta property=\"og:url\" content=\"https:\/\/isga.ma\/isga\/mba-part-time-en-double-diplome\/\" \/>\n<meta property=\"og:site_name\" content=\"ISGA Institut Sup\u00e9rieur d&#039;Ing\u00e9nierie &amp; des Affaires\" \/>\n<meta property=\"article:modified_time\" content=\"2025-06-30T08:26:02+00:00\" \/>\n<meta property=\"og:image\" content=\"https:\/\/isga.ma\/isga\/wp-content\/uploads\/2023\/11\/MBA-Edvantis-min-scaled.jpg\" \/>\n\t<meta property=\"og:image:width\" content=\"2560\" \/>\n\t<meta property=\"og:image:height\" content=\"1709\" \/>\n\t<meta property=\"og:image:type\" content=\"image\/jpeg\" \/>\n<meta name=\"twitter:card\" content=\"summary_large_image\" \/>\n<meta name=\"twitter:label1\" content=\"Dur\u00e9e de lecture estim\u00e9e\" \/>\n\t<meta name=\"twitter:data1\" content=\"4 minutes\" \/>\n<script type=\"application\/ld+json\" class=\"yoast-schema-graph\">{\"@context\":\"https:\\\/\\\/schema.org\",\"@graph\":[{\"@type\":\"WebPage\",\"@id\":\"https:\\\/\\\/isga.ma\\\/isga\\\/mba-part-time-en-double-diplome\\\/\",\"url\":\"https:\\\/\\\/isga.ma\\\/isga\\\/mba-part-time-en-double-diplome\\\/\",\"name\":\"MBA (part-time) en double dipl\u00f4me - ISGA Institut Sup\u00e9rieur d&#039;Ing\u00e9nierie &amp; des Affaires\",\"isPartOf\":{\"@id\":\"https:\\\/\\\/isga.ma\\\/isga\\\/#website\"},\"primaryImageOfPage\":{\"@id\":\"https:\\\/\\\/isga.ma\\\/isga\\\/mba-part-time-en-double-diplome\\\/#primaryimage\"},\"image\":{\"@id\":\"https:\\\/\\\/isga.ma\\\/isga\\\/mba-part-time-en-double-diplome\\\/#primaryimage\"},\"thumbnailUrl\":\"https:\\\/\\\/isga.ma\\\/isga\\\/wp-content\\\/uploads\\\/2023\\\/11\\\/MBA-Edvantis-min-scaled.jpg\",\"datePublished\":\"2023-11-27T16:38:02+00:00\",\"dateModified\":\"2025-06-30T08:26:02+00:00\",\"description\":\"EDVANTIS Higher Education Group s\u2019associe lance son Junior MBA en double dipl\u00f4me avec Le Mans Universit\u00e9 France (Master Management et Administration des entreprises reconnu par l\u2019Etat Fran\u00e7ais).\",\"breadcrumb\":{\"@id\":\"https:\\\/\\\/isga.ma\\\/isga\\\/mba-part-time-en-double-diplome\\\/#breadcrumb\"},\"inLanguage\":\"fr-FR\",\"potentialAction\":[{\"@type\":\"ReadAction\",\"target\":[\"https:\\\/\\\/isga.ma\\\/isga\\\/mba-part-time-en-double-diplome\\\/\"]}]},{\"@type\":\"ImageObject\",\"inLanguage\":\"fr-FR\",\"@id\":\"https:\\\/\\\/isga.ma\\\/isga\\\/mba-part-time-en-double-diplome\\\/#primaryimage\",\"url\":\"https:\\\/\\\/isga.ma\\\/isga\\\/wp-content\\\/uploads\\\/2023\\\/11\\\/MBA-Edvantis-min-scaled.jpg\",\"contentUrl\":\"https:\\\/\\\/isga.ma\\\/isga\\\/wp-content\\\/uploads\\\/2023\\\/11\\\/MBA-Edvantis-min-scaled.jpg\",\"width\":2560,\"height\":1709},{\"@type\":\"BreadcrumbList\",\"@id\":\"https:\\\/\\\/isga.ma\\\/isga\\\/mba-part-time-en-double-diplome\\\/#breadcrumb\",\"itemListElement\":[{\"@type\":\"ListItem\",\"position\":1,\"name\":\"Accueil\",\"item\":\"https:\\\/\\\/isga.ma\\\/isga\\\/\"},{\"@type\":\"ListItem\",\"position\":2,\"name\":\"MBA (part-time) en double dipl\u00f4me\"}]},{\"@type\":\"WebSite\",\"@id\":\"https:\\\/\\\/isga.ma\\\/isga\\\/#website\",\"url\":\"https:\\\/\\\/isga.ma\\\/isga\\\/\",\"name\":\"ISGA Institut Sup\u00e9rieur d&#039;Ing\u00e9nierie &amp; des Affaires\",\"description\":\"Le chemin de la r\u00e9ussite depuis 1981\",\"potentialAction\":[{\"@type\":\"SearchAction\",\"target\":{\"@type\":\"EntryPoint\",\"urlTemplate\":\"https:\\\/\\\/isga.ma\\\/isga\\\/?s={search_term_string}\"},\"query-input\":{\"@type\":\"PropertyValueSpecification\",\"valueRequired\":true,\"valueName\":\"search_term_string\"}}],\"inLanguage\":\"fr-FR\"}]}<\/script>\n<!-- \/ Yoast SEO plugin. -->","yoast_head_json":{"title":"MBA (part-time) en double dipl\u00f4me - ISGA Institut Sup\u00e9rieur d&#039;Ing\u00e9nierie &amp; des Affaires","description":"EDVANTIS Higher Education Group s\u2019associe lance son Junior MBA en double dipl\u00f4me avec Le Mans Universit\u00e9 France (Master Management et Administration des entreprises reconnu par l\u2019Etat Fran\u00e7ais).","robots":{"index":"noindex","follow":"follow","max-snippet":"max-snippet:-1","max-image-preview":"max-image-preview:large","max-video-preview":"max-video-preview:-1"},"og_locale":"fr_FR","og_type":"article","og_title":"MBA (part-time) en double dipl\u00f4me - ISGA Institut Sup\u00e9rieur d&#039;Ing\u00e9nierie &amp; des Affaires","og_description":"EDVANTIS Higher Education Group s\u2019associe lance son Junior MBA en double dipl\u00f4me avec Le Mans Universit\u00e9 France (Master Management et Administration des entreprises reconnu par l\u2019Etat Fran\u00e7ais).","og_url":"https:\/\/isga.ma\/isga\/mba-part-time-en-double-diplome\/","og_site_name":"ISGA Institut Sup\u00e9rieur d&#039;Ing\u00e9nierie &amp; des Affaires","article_modified_time":"2025-06-30T08:26:02+00:00","og_image":[{"width":2560,"height":1709,"url":"https:\/\/isga.ma\/isga\/wp-content\/uploads\/2023\/11\/MBA-Edvantis-min-scaled.jpg","type":"image\/jpeg"}],"twitter_card":"summary_large_image","twitter_misc":{"Dur\u00e9e de lecture estim\u00e9e":"4 minutes"},"schema":{"@context":"https:\/\/schema.org","@graph":[{"@type":"WebPage","@id":"https:\/\/isga.ma\/isga\/mba-part-time-en-double-diplome\/","url":"https:\/\/isga.ma\/isga\/mba-part-time-en-double-diplome\/","name":"MBA (part-time) en double dipl\u00f4me - ISGA Institut Sup\u00e9rieur d&#039;Ing\u00e9nierie &amp; des Affaires","isPartOf":{"@id":"https:\/\/isga.ma\/isga\/#website"},"primaryImageOfPage":{"@id":"https:\/\/isga.ma\/isga\/mba-part-time-en-double-diplome\/#primaryimage"},"image":{"@id":"https:\/\/isga.ma\/isga\/mba-part-time-en-double-diplome\/#primaryimage"},"thumbnailUrl":"https:\/\/isga.ma\/isga\/wp-content\/uploads\/2023\/11\/MBA-Edvantis-min-scaled.jpg","datePublished":"2023-11-27T16:38:02+00:00","dateModified":"2025-06-30T08:26:02+00:00","description":"EDVANTIS Higher Education Group s\u2019associe lance son Junior MBA en double dipl\u00f4me avec Le Mans Universit\u00e9 France (Master Management et Administration des entreprises reconnu par l\u2019Etat Fran\u00e7ais).","breadcrumb":{"@id":"https:\/\/isga.ma\/isga\/mba-part-time-en-double-diplome\/#breadcrumb"},"inLanguage":"fr-FR","potentialAction":[{"@type":"ReadAction","target":["https:\/\/isga.ma\/isga\/mba-part-time-en-double-diplome\/"]}]},{"@type":"ImageObject","inLanguage":"fr-FR","@id":"https:\/\/isga.ma\/isga\/mba-part-time-en-double-diplome\/#primaryimage","url":"https:\/\/isga.ma\/isga\/wp-content\/uploads\/2023\/11\/MBA-Edvantis-min-scaled.jpg","contentUrl":"https:\/\/isga.ma\/isga\/wp-content\/uploads\/2023\/11\/MBA-Edvantis-min-scaled.jpg","width":2560,"height":1709},{"@type":"BreadcrumbList","@id":"https:\/\/isga.ma\/isga\/mba-part-time-en-double-diplome\/#breadcrumb","itemListElement":[{"@type":"ListItem","position":1,"name":"Accueil","item":"https:\/\/isga.ma\/isga\/"},{"@type":"ListItem","position":2,"name":"MBA (part-time) en double dipl\u00f4me"}]},{"@type":"WebSite","@id":"https:\/\/isga.ma\/isga\/#website","url":"https:\/\/isga.ma\/isga\/","name":"ISGA Institut Sup\u00e9rieur d&#039;Ing\u00e9nierie &amp; des Affaires","description":"Le chemin de la r\u00e9ussite depuis 1981","potentialAction":[{"@type":"SearchAction","target":{"@type":"EntryPoint","urlTemplate":"https:\/\/isga.ma\/isga\/?s={search_term_string}"},"query-input":{"@type":"PropertyValueSpecification","valueRequired":true,"valueName":"search_term_string"}}],"inLanguage":"fr-FR"}]}},"_links":{"self":[{"href":"https:\/\/isga.ma\/isga\/wp-json\/wp\/v2\/pages\/9967","targetHints":{"allow":["GET"]}}],"collection":[{"href":"https:\/\/isga.ma\/isga\/wp-json\/wp\/v2\/pages"}],"about":[{"href":"https:\/\/isga.ma\/isga\/wp-json\/wp\/v2\/types\/page"}],"author":[{"embeddable":true,"href":"https:\/\/isga.ma\/isga\/wp-json\/wp\/v2\/users\/4"}],"replies":[{"embeddable":true,"href":"https:\/\/isga.ma\/isga\/wp-json\/wp\/v2\/comments?post=9967"}],"version-history":[{"count":30,"href":"https:\/\/isga.ma\/isga\/wp-json\/wp\/v2\/pages\/9967\/revisions"}],"predecessor-version":[{"id":12032,"href":"https:\/\/isga.ma\/isga\/wp-json\/wp\/v2\/pages\/9967\/revisions\/12032"}],"wp:featuredmedia":[{"embeddable":true,"href":"https:\/\/isga.ma\/isga\/wp-json\/wp\/v2\/media\/9982"}],"wp:attachment":[{"href":"https:\/\/isga.ma\/isga\/wp-json\/wp\/v2\/media?parent=9967"}],"curies":[{"name":"wp","href":"https:\/\/api.w.org\/{rel}","templated":true}]}}